{"id":3530,"date":"2024-12-10T11:44:47","date_gmt":"2024-12-10T10:44:47","guid":{"rendered":"https:\/\/dentalday.pl\/podcast\/?page_id=3530"},"modified":"2026-04-14T13:53:12","modified_gmt":"2026-04-14T11:53:12","slug":"o-nowotworach-jamy-ustnej-i-wplywie-chorob-przyzebia","status":"publish","type":"page","link":"https:\/\/dentalday.pl\/podcast\/o-nowotworach-jamy-ustnej-i-wplywie-chorob-przyzebia\/","title":{"rendered":"11. O nowotworach jamy ustnej &#8211; lek. dent. Daniel Nowakowski"},"content":{"rendered":"\t\t<div data-elementor-type=\"wp-page\" data-elementor-id=\"3530\" class=\"elementor elementor-3530\">\n\t\t\t\t<div class=\"elementor-element elementor-element-834314e e-flex e-con-boxed e-con e-parent\" data-id=\"834314e\" data-element_type=\"container\" data-settings=\"{&quot;content_width&quot;:&quot;boxed&quot;}\" data-core-v316-plus=\"true\">\n\t\t\t\t\t<div class=\"e-con-inner\">\n\t\t<div class=\"elementor-element elementor-element-04de453 e-flex e-con-boxed e-con e-child\" data-id=\"04de453\" data-element_type=\"container\" data-settings=\"{&quot;background_background&quot;:&quot;classic&quot;,&quot;content_width&quot;:&quot;boxed&quot;}\">\n\t\t\t\t\t<div class=\"e-con-inner\">\n\t\t\t\t<div class=\"elementor-element elementor-element-be0ffc7 elementor-invisible elementor-widget elementor-widget-heading\" data-id=\"be0ffc7\" data-element_type=\"widget\" data-settings=\"{&quot;_animation&quot;:&quot;fadeInUp&quot;}\" data-widget_type=\"heading.default\">\n\t\t\t\t<div class=\"elementor-widget-container\">\n\t\t\t<style>\/*! elementor - v3.19.0 - 28-02-2024 *\/\n.elementor-heading-title{padding:0;margin:0;line-height:1}.elementor-widget-heading .elementor-heading-title[class*=elementor-size-]>a{color:inherit;font-size:inherit;line-height:inherit}.elementor-widget-heading .elementor-heading-title.elementor-size-small{font-size:15px}.elementor-widget-heading .elementor-heading-title.elementor-size-medium{font-size:19px}.elementor-widget-heading .elementor-heading-title.elementor-size-large{font-size:29px}.elementor-widget-heading .elementor-heading-title.elementor-size-xl{font-size:39px}.elementor-widget-heading .elementor-heading-title.elementor-size-xxl{font-size:59px}<\/style><h2 class=\"elementor-heading-title elementor-size-default\">lek. dent. Daniel Nowakowski: nowotwory jamy ustnej i wp\u0142yw chor\u00f3b przyz\u0119bia na zdrowie ca\u0142ego organizmu<\/h2>\t\t<\/div>\n\t\t\t\t<\/div>\n\t\t\t\t\t<\/div>\n\t\t\t\t<\/div>\n\t\t\t\t\t<\/div>\n\t\t\t\t<\/div>\n\t\t<div class=\"elementor-element elementor-element-f04824e e-flex e-con-boxed e-con e-parent\" data-id=\"f04824e\" data-element_type=\"container\" data-settings=\"{&quot;content_width&quot;:&quot;boxed&quot;}\" data-core-v316-plus=\"true\">\n\t\t\t\t\t<div class=\"e-con-inner\">\n\t\t\t\t<div class=\"elementor-element elementor-element-a9094f3 elementor-invisible elementor-widget elementor-widget-html\" data-id=\"a9094f3\" data-element_type=\"widget\" data-settings=\"{&quot;_animation&quot;:&quot;fadeInUp&quot;}\" data-widget_type=\"html.default\">\n\t\t\t\t<div class=\"elementor-widget-container\">\n\t\t\t<div style=\"border: 3px solid #fff;border-radius: 15px!important; overflow: hidden;background: #fff;\">\n    <a class=\"spreaker-player\" href=\"https:\/\/www.spreaker.com\/episode\/lek-dent-daniel-nowakowski-o-nowotworach-jamy-ustnej-i-wplywie-chorob-przyzebia-na-zdrowie-calego-organizmu--58058059\" data-resource=\"episode_id=58058059\" data-width=\"100%\" data-height=\"200px\" data-theme=\"light\" data-playlist=\"false\" data-playlist-continuous=\"false\" data-chapters-image=\"true\" data-episode-image-position=\"right\" data-hide-logo=\"false\" data-hide-likes=\"false\" data-hide-comments=\"false\" data-hide-sharing=\"false\" data-hide-download=\"true\">Listen to \"lek. dent. Daniel Nowakowski: o nowotworach jamy ustnej i wp\u0142ywie chor\u00f3b przyz\u0119bia na zdrowie ca\u0142ego organizmu\" on Spreaker.<\/a><script async src=\"https:\/\/widget.spreaker.com\/widgets.js\"><\/script>\n<\/div>\t\t<\/div>\n\t\t\t\t<\/div>\n\t\t\t\t\t<\/div>\n\t\t\t\t<\/div>\n\t\t<div class=\"elementor-element elementor-element-4705110 e-flex e-con-boxed e-con e-parent\" data-id=\"4705110\" data-element_type=\"container\" data-settings=\"{&quot;content_width&quot;:&quot;boxed&quot;}\" data-core-v316-plus=\"true\">\n\t\t\t\t\t<div class=\"e-con-inner\">\n\t\t<div class=\"elementor-element elementor-element-a251d4d e-con-full e-flex e-con e-child\" data-id=\"a251d4d\" data-element_type=\"container\" data-settings=\"{&quot;content_width&quot;:&quot;full&quot;}\">\n\t\t\t\t<div class=\"elementor-element elementor-element-f0368a4 elementor-invisible elementor-widget elementor-widget-text-editor\" data-id=\"f0368a4\" data-element_type=\"widget\" data-settings=\"{&quot;_animation&quot;:&quot;fadeInUp&quot;}\" data-widget_type=\"text-editor.default\">\n\t\t\t\t<div class=\"elementor-widget-container\">\n\t\t\t<style>\/*! elementor - v3.19.0 - 28-02-2024 *\/\n.elementor-widget-text-editor.elementor-drop-cap-view-stacked .elementor-drop-cap{background-color:#69727d;color:#fff}.elementor-widget-text-editor.elementor-drop-cap-view-framed .elementor-drop-cap{color:#69727d;border:3px solid;background-color:transparent}.elementor-widget-text-editor:not(.elementor-drop-cap-view-default) .elementor-drop-cap{margin-top:8px}.elementor-widget-text-editor:not(.elementor-drop-cap-view-default) .elementor-drop-cap-letter{width:1em;height:1em}.elementor-widget-text-editor .elementor-drop-cap{float:left;text-align:center;line-height:1;font-size:50px}.elementor-widget-text-editor .elementor-drop-cap-letter{display:inline-block}<\/style>\t\t\t\t<p><span style=\"font-weight: 400;\">Go\u015bciem kolejnego odcinka podcastu jest lek. dent. Daniel Nowakowski. Pewnie wi\u0119kszo\u015b\u0107 z was kojarzy go s\u0142usznie z flow injection, ale Daniel jest r\u00f3wnie\u017c periodontologiem i w\u0142a\u015bnie t\u0105 wiedz\u0105 podzieli si\u0119 z nami w rozmowie.<\/span><\/p><h4><strong><span style=\"color: #dd4026;\">Z tej rozmowy dowiesz si\u0119:<\/span><\/strong><\/h4><ul><li style=\"font-weight: 400;\" aria-level=\"1\"><span style=\"font-weight: 400;\">dlaczego choroby przyz\u0119bia maj\u0105 wp\u0142yw na stan zdrowia naszego ca\u0142ego organizmu<\/span><\/li><li style=\"font-weight: 400;\" aria-level=\"1\"><span style=\"font-weight: 400;\">na jakie konkretnie choroby maj\u0105 wp\u0142yw choroby przyz\u0119bia<\/span><\/li><li style=\"font-weight: 400;\" aria-level=\"1\"><span style=\"font-weight: 400;\">jakie choroby og\u00f3lne maj\u0105 odzwierciedlenie w stanie jamy ustnej<\/span><\/li><li style=\"font-weight: 400;\" aria-level=\"1\"><span style=\"font-weight: 400;\">jakich zmian nie powinni\u015bmy ignorowa\u0107<\/span><\/li><li style=\"font-weight: 400;\" aria-level=\"1\"><span style=\"font-weight: 400;\">jakie zmiany mog\u0105 wskazywa\u0107 na nowotwory jamy ustnej<\/span><\/li><\/ul>\t\t\t\t\t\t<\/div>\n\t\t\t\t<\/div>\n\t\t\t\t<\/div>\n\t\t<div class=\"elementor-element elementor-element-a8a2e68 e-con-full e-flex elementor-invisible e-con e-child\" data-id=\"a8a2e68\" data-element_type=\"container\" data-settings=\"{&quot;content_width&quot;:&quot;full&quot;,&quot;background_background&quot;:&quot;classic&quot;,&quot;animation&quot;:&quot;fadeInUp&quot;}\">\n\t\t\t\t<div class=\"elementor-element elementor-element-75b5298 elementor-widget elementor-widget-image\" data-id=\"75b5298\" data-element_type=\"widget\" data-widget_type=\"image.default\">\n\t\t\t\t<div class=\"elementor-widget-container\">\n\t\t\t<style>\/*! elementor - v3.19.0 - 28-02-2024 *\/\n.elementor-widget-image{text-align:center}.elementor-widget-image a{display:inline-block}.elementor-widget-image a img[src$=\".svg\"]{width:48px}.elementor-widget-image img{vertical-align:middle;display:inline-block}<\/style>\t\t\t\t\t\t\t\t\t\t<img decoding=\"async\" width=\"150\" height=\"150\" src=\"https:\/\/dentalday.pl\/podcast\/wp-content\/uploads\/2024\/12\/7-2-150x150.png\" class=\"attachment-thumbnail size-thumbnail wp-image-3532\" alt=\"lek. dent. Daniel Nowakowski\" srcset=\"https:\/\/dentalday.pl\/podcast\/wp-content\/uploads\/2024\/12\/7-2-150x150.png 150w, https:\/\/dentalday.pl\/podcast\/wp-content\/uploads\/2024\/12\/7-2-300x300.png 300w, https:\/\/dentalday.pl\/podcast\/wp-content\/uploads\/2024\/12\/7-2-1024x1024.png 1024w, https:\/\/dentalday.pl\/podcast\/wp-content\/uploads\/2024\/12\/7-2-768x768.png 768w, https:\/\/dentalday.pl\/podcast\/wp-content\/uploads\/2024\/12\/7-2-1000x1000.png 1000w, https:\/\/dentalday.pl\/podcast\/wp-content\/uploads\/2024\/12\/7-2-230x230.png 230w, https:\/\/dentalday.pl\/podcast\/wp-content\/uploads\/2024\/12\/7-2-350x350.png 350w, https:\/\/dentalday.pl\/podcast\/wp-content\/uploads\/2024\/12\/7-2-480x480.png 480w, https:\/\/dentalday.pl\/podcast\/wp-content\/uploads\/2024\/12\/7-2.png 1080w\" sizes=\"(max-width: 150px) 100vw, 150px\" \/>\t\t\t\t\t\t\t\t\t\t\t\t\t<\/div>\n\t\t\t\t<\/div>\n\t\t\t\t<div class=\"elementor-element elementor-element-efb02c6 elementor-invisible elementor-widget elementor-widget-heading\" data-id=\"efb02c6\" data-element_type=\"widget\" data-settings=\"{&quot;_animation&quot;:&quot;fadeInUp&quot;}\" data-widget_type=\"heading.default\">\n\t\t\t\t<div class=\"elementor-widget-container\">\n\t\t\t<h3 class=\"elementor-heading-title elementor-size-default\">lek. dent. Daniel Nowakowski<\/h3>\t\t<\/div>\n\t\t\t\t<\/div>\n\t\t\t\t<div class=\"elementor-element elementor-element-b1c3b44 elementor-invisible elementor-widget elementor-widget-text-editor\" data-id=\"b1c3b44\" data-element_type=\"widget\" data-settings=\"{&quot;_animation&quot;:&quot;fadeInUp&quot;}\" data-widget_type=\"text-editor.default\">\n\t\t\t\t<div class=\"elementor-widget-container\">\n\t\t\t\t\t\t\t<p class=\"p1\">Specjalista periodontologii, implantolog, endodonta i entuzjasta stomatologii adhezyjnej w jednej osobie. W\u0142a\u015bciciel iDental Studio Stomatologii w Krakowie. Zafascynowany kompleksowym modelem leczenia pacjenta w oparciu o najnowsze technologie. W latach 2012\u20132016 pracownik w Zak\u0142adzie Profilaktyki i Stomatologii Eksperymentalnej CMUJ. W ramach pracy naukowej Autor i wsp\u00f3\u0142autor prac o \u0142\u0105cznym Impact Factor 6,8.\u00a0<\/p>\t\t\t\t\t\t<\/div>\n\t\t\t\t<\/div>\n\t\t\t\t<div class=\"elementor-element elementor-element-66e3695 elementor-shape-circle elementor-grid-0 e-grid-align-center elementor-widget elementor-widget-social-icons\" data-id=\"66e3695\" data-element_type=\"widget\" data-widget_type=\"social-icons.default\">\n\t\t\t\t<div class=\"elementor-widget-container\">\n\t\t\t<style>\/*! elementor - v3.19.0 - 28-02-2024 *\/\n.elementor-widget-social-icons.elementor-grid-0 .elementor-widget-container,.elementor-widget-social-icons.elementor-grid-mobile-0 .elementor-widget-container,.elementor-widget-social-icons.elementor-grid-tablet-0 .elementor-widget-container{line-height:1;font-size:0}.elementor-widget-social-icons:not(.elementor-grid-0):not(.elementor-grid-tablet-0):not(.elementor-grid-mobile-0) .elementor-grid{display:inline-grid}.elementor-widget-social-icons .elementor-grid{grid-column-gap:var(--grid-column-gap,5px);grid-row-gap:var(--grid-row-gap,5px);grid-template-columns:var(--grid-template-columns);justify-content:var(--justify-content,center);justify-items:var(--justify-content,center)}.elementor-icon.elementor-social-icon{font-size:var(--icon-size,25px);line-height:var(--icon-size,25px);width:calc(var(--icon-size, 25px) + 2 * var(--icon-padding, .5em));height:calc(var(--icon-size, 25px) + 2 * var(--icon-padding, .5em))}.elementor-social-icon{--e-social-icon-icon-color:#fff;display:inline-flex;background-color:#69727d;align-items:center;justify-content:center;text-align:center;cursor:pointer}.elementor-social-icon i{color:var(--e-social-icon-icon-color)}.elementor-social-icon svg{fill:var(--e-social-icon-icon-color)}.elementor-social-icon:last-child{margin:0}.elementor-social-icon:hover{opacity:.9;color:#fff}.elementor-social-icon-android{background-color:#a4c639}.elementor-social-icon-apple{background-color:#999}.elementor-social-icon-behance{background-color:#1769ff}.elementor-social-icon-bitbucket{background-color:#205081}.elementor-social-icon-codepen{background-color:#000}.elementor-social-icon-delicious{background-color:#39f}.elementor-social-icon-deviantart{background-color:#05cc47}.elementor-social-icon-digg{background-color:#005be2}.elementor-social-icon-dribbble{background-color:#ea4c89}.elementor-social-icon-elementor{background-color:#d30c5c}.elementor-social-icon-envelope{background-color:#ea4335}.elementor-social-icon-facebook,.elementor-social-icon-facebook-f{background-color:#3b5998}.elementor-social-icon-flickr{background-color:#0063dc}.elementor-social-icon-foursquare{background-color:#2d5be3}.elementor-social-icon-free-code-camp,.elementor-social-icon-freecodecamp{background-color:#006400}.elementor-social-icon-github{background-color:#333}.elementor-social-icon-gitlab{background-color:#e24329}.elementor-social-icon-globe{background-color:#69727d}.elementor-social-icon-google-plus,.elementor-social-icon-google-plus-g{background-color:#dd4b39}.elementor-social-icon-houzz{background-color:#7ac142}.elementor-social-icon-instagram{background-color:#262626}.elementor-social-icon-jsfiddle{background-color:#487aa2}.elementor-social-icon-link{background-color:#818a91}.elementor-social-icon-linkedin,.elementor-social-icon-linkedin-in{background-color:#0077b5}.elementor-social-icon-medium{background-color:#00ab6b}.elementor-social-icon-meetup{background-color:#ec1c40}.elementor-social-icon-mixcloud{background-color:#273a4b}.elementor-social-icon-odnoklassniki{background-color:#f4731c}.elementor-social-icon-pinterest{background-color:#bd081c}.elementor-social-icon-product-hunt{background-color:#da552f}.elementor-social-icon-reddit{background-color:#ff4500}.elementor-social-icon-rss{background-color:#f26522}.elementor-social-icon-shopping-cart{background-color:#4caf50}.elementor-social-icon-skype{background-color:#00aff0}.elementor-social-icon-slideshare{background-color:#0077b5}.elementor-social-icon-snapchat{background-color:#fffc00}.elementor-social-icon-soundcloud{background-color:#f80}.elementor-social-icon-spotify{background-color:#2ebd59}.elementor-social-icon-stack-overflow{background-color:#fe7a15}.elementor-social-icon-steam{background-color:#00adee}.elementor-social-icon-stumbleupon{background-color:#eb4924}.elementor-social-icon-telegram{background-color:#2ca5e0}.elementor-social-icon-thumb-tack{background-color:#1aa1d8}.elementor-social-icon-tripadvisor{background-color:#589442}.elementor-social-icon-tumblr{background-color:#35465c}.elementor-social-icon-twitch{background-color:#6441a5}.elementor-social-icon-twitter{background-color:#1da1f2}.elementor-social-icon-viber{background-color:#665cac}.elementor-social-icon-vimeo{background-color:#1ab7ea}.elementor-social-icon-vk{background-color:#45668e}.elementor-social-icon-weibo{background-color:#dd2430}.elementor-social-icon-weixin{background-color:#31a918}.elementor-social-icon-whatsapp{background-color:#25d366}.elementor-social-icon-wordpress{background-color:#21759b}.elementor-social-icon-xing{background-color:#026466}.elementor-social-icon-yelp{background-color:#af0606}.elementor-social-icon-youtube{background-color:#cd201f}.elementor-social-icon-500px{background-color:#0099e5}.elementor-shape-rounded .elementor-icon.elementor-social-icon{border-radius:10%}.elementor-shape-circle .elementor-icon.elementor-social-icon{border-radius:50%}<\/style>\t\t<div class=\"elementor-social-icons-wrapper elementor-grid\">\n\t\t\t\t\t\t\t<span class=\"elementor-grid-item\">\n\t\t\t\t\t<a class=\"elementor-icon elementor-social-icon elementor-social-icon-instagram elementor-repeater-item-42c9826\" href=\"https:\/\/www.instagram.com\/drnowakowski?igsh=enNrejNqeHdla2lu\" target=\"_blank\">\n\t\t\t\t\t\t<span class=\"elementor-screen-only\">Instagram<\/span>\n\t\t\t\t\t\t<svg class=\"e-font-icon-svg e-fab-instagram\" viewBox=\"0 0 448 512\" xmlns=\"http:\/\/www.w3.org\/2000\/svg\"><path d=\"M224.1 141c-63.6 0-114.9 51.3-114.9 114.9s51.3 114.9 114.9 114.9S339 319.5 339 255.9 287.7 141 224.1 141zm0 189.6c-41.1 0-74.7-33.5-74.7-74.7s33.5-74.7 74.7-74.7 74.7 33.5 74.7 74.7-33.6 74.7-74.7 74.7zm146.4-194.3c0 14.9-12 26.8-26.8 26.8-14.9 0-26.8-12-26.8-26.8s12-26.8 26.8-26.8 26.8 12 26.8 26.8zm76.1 27.2c-1.7-35.9-9.9-67.7-36.2-93.9-26.2-26.2-58-34.4-93.9-36.2-37-2.1-147.9-2.1-184.9 0-35.8 1.7-67.6 9.9-93.9 36.1s-34.4 58-36.2 93.9c-2.1 37-2.1 147.9 0 184.9 1.7 35.9 9.9 67.7 36.2 93.9s58 34.4 93.9 36.2c37 2.1 147.9 2.1 184.9 0 35.9-1.7 67.7-9.9 93.9-36.2 26.2-26.2 34.4-58 36.2-93.9 2.1-37 2.1-147.8 0-184.8zM398.8 388c-7.8 19.6-22.9 34.7-42.6 42.6-29.5 11.7-99.5 9-132.1 9s-102.7 2.6-132.1-9c-19.6-7.8-34.7-22.9-42.6-42.6-11.7-29.5-9-99.5-9-132.1s-2.6-102.7 9-132.1c7.8-19.6 22.9-34.7 42.6-42.6 29.5-11.7 99.5-9 132.1-9s102.7-2.6 132.1 9c19.6 7.8 34.7 22.9 42.6 42.6 11.7 29.5 9 99.5 9 132.1s2.7 102.7-9 132.1z\"><\/path><\/svg>\t\t\t\t\t<\/a>\n\t\t\t\t<\/span>\n\t\t\t\t\t<\/div>\n\t\t\t\t<\/div>\n\t\t\t\t<\/div>\n\t\t\t\t<\/div>\n\t\t\t\t\t<\/div>\n\t\t\t\t<\/div>\n\t\t<div class=\"elementor-element elementor-element-1e2c3b5 e-flex e-con-boxed e-con e-parent\" data-id=\"1e2c3b5\" data-element_type=\"container\" data-settings=\"{&quot;content_width&quot;:&quot;boxed&quot;}\" data-core-v316-plus=\"true\">\n\t\t\t\t\t<div class=\"e-con-inner\">\n\t\t<div class=\"elementor-element elementor-element-cc40681 e-flex e-con-boxed e-con e-child\" data-id=\"cc40681\" data-element_type=\"container\" data-settings=\"{&quot;background_background&quot;:&quot;classic&quot;,&quot;content_width&quot;:&quot;boxed&quot;}\">\n\t\t\t\t\t<div class=\"e-con-inner\">\n\t\t\t\t<div class=\"elementor-element elementor-element-abe5461 elementor-invisible elementor-widget elementor-widget-heading\" data-id=\"abe5461\" data-element_type=\"widget\" data-settings=\"{&quot;_animation&quot;:&quot;fadeInUp&quot;}\" data-widget_type=\"heading.default\">\n\t\t\t\t<div class=\"elementor-widget-container\">\n\t\t\t<h2 class=\"elementor-heading-title elementor-size-default\">Spis tre\u015bci<\/h2>\t\t<\/div>\n\t\t\t\t<\/div>\n\t\t\t\t\t<\/div>\n\t\t\t\t<\/div>\n\t\t\t\t\t<\/div>\n\t\t\t\t<\/div>\n\t\t<div class=\"elementor-element elementor-element-27d081a e-flex e-con-boxed e-con e-parent\" data-id=\"27d081a\" data-element_type=\"container\" data-settings=\"{&quot;content_width&quot;:&quot;boxed&quot;}\" data-core-v316-plus=\"true\">\n\t\t\t\t\t<div class=\"e-con-inner\">\n\t\t\t\t<div class=\"elementor-element elementor-element-1007101 elementor-invisible elementor-widget elementor-widget-html\" data-id=\"1007101\" data-element_type=\"widget\" data-settings=\"{&quot;_animation&quot;:&quot;fadeInUp&quot;}\" data-widget_type=\"html.default\">\n\t\t\t\t<div class=\"elementor-widget-container\">\n\t\t\t<div style=\"color: #202020\" class=\"scrollable\">\n<ul>\n  <li>04:40 - Dlaczego a\u017c 66% Polak\u00f3w ma problemy z zapaleniem dzi\u0105se\u0142 lub przyz\u0119bia<\/li>\n  <li>06:58 - Jak wykona\u0107 periodontal screening index<\/li>\n  <li>15:00 - Wp\u0142yw chor\u00f3b przyz\u0119bia na zdrowie ca\u0142ego organizmu<\/li>\n  <li>16:32 - Wp\u0142yw chor\u00f3b przyz\u0119bia na rozw\u00f3j cukrzycy<\/li>\n  <li>18:41 - Choroby przyz\u0119bia a ci\u0105\u017ca<\/li>\n  <li>20:17 - Diagnostyka<\/li>\n  <li>25:30 - Choroby, kt\u00f3re maj\u0105 objawy w jamie ustnej, ale ich \u017ar\u00f3d\u0142o le\u017cy poza jam\u0105 ustn\u0105<\/li>\n  <li>35:46 - Nowotwory jamy ustnej<\/li>\n  <li>41:40 - Zmiany bia\u0142e i czerwone<\/li>\n<\/ul>\n<\/div>\t\t<\/div>\n\t\t\t\t<\/div>\n\t\t\t\t\t<\/div>\n\t\t\t\t<\/div>\n\t\t<div class=\"elementor-element elementor-element-1e95a0e e-con-full e-flex elementor-invisible e-con e-parent\" data-id=\"1e95a0e\" data-element_type=\"container\" data-settings=\"{&quot;content_width&quot;:&quot;full&quot;,&quot;animation&quot;:&quot;fadeInUp&quot;}\" data-core-v316-plus=\"true\">\n\t\t<div class=\"elementor-element elementor-element-44af4c9 e-flex e-con-boxed e-con e-child\" data-id=\"44af4c9\" data-element_type=\"container\" data-settings=\"{&quot;background_background&quot;:&quot;classic&quot;,&quot;content_width&quot;:&quot;boxed&quot;}\">\n\t\t\t\t\t<div class=\"e-con-inner\">\n\t\t<div class=\"elementor-element elementor-element-e93cf21 e-flex e-con-boxed e-con e-child\" data-id=\"e93cf21\" data-element_type=\"container\" data-settings=\"{&quot;background_background&quot;:&quot;classic&quot;,&quot;content_width&quot;:&quot;boxed&quot;}\">\n\t\t\t\t\t<div class=\"e-con-inner\">\n\t\t\t\t<div class=\"elementor-element elementor-element-4e670b0 elementor-widget elementor-widget-video\" data-id=\"4e670b0\" data-element_type=\"widget\" data-settings=\"{&quot;youtube_url&quot;:&quot;https:\\\/\\\/www.youtube.com\\\/watch?v=VzOUe-nM9Zw&quot;,&quot;video_type&quot;:&quot;youtube&quot;,&quot;controls&quot;:&quot;yes&quot;}\" data-widget_type=\"video.default\">\n\t\t\t\t<div class=\"elementor-widget-container\">\n\t\t\t<style>\/*! elementor - v3.19.0 - 28-02-2024 *\/\n.elementor-widget-video .elementor-widget-container{overflow:hidden;transform:translateZ(0)}.elementor-widget-video .elementor-wrapper{aspect-ratio:var(--video-aspect-ratio)}.elementor-widget-video .elementor-wrapper iframe,.elementor-widget-video .elementor-wrapper video{height:100%;width:100%;display:flex;border:none;background-color:#000}@supports not (aspect-ratio:1\/1){.elementor-widget-video .elementor-wrapper{position:relative;overflow:hidden;height:0;padding-bottom:calc(100% \/ var(--video-aspect-ratio))}.elementor-widget-video .elementor-wrapper iframe,.elementor-widget-video .elementor-wrapper video{position:absolute;top:0;right:0;bottom:0;left:0}}.elementor-widget-video .elementor-open-inline .elementor-custom-embed-image-overlay{position:absolute;top:0;right:0;bottom:0;left:0;background-size:cover;background-position:50%}.elementor-widget-video .elementor-custom-embed-image-overlay{cursor:pointer;text-align:center}.elementor-widget-video .elementor-custom-embed-image-overlay:hover .elementor-custom-embed-play i{opacity:1}.elementor-widget-video .elementor-custom-embed-image-overlay img{display:block;width:100%;aspect-ratio:var(--video-aspect-ratio);-o-object-fit:cover;object-fit:cover;-o-object-position:center center;object-position:center center}@supports not (aspect-ratio:1\/1){.elementor-widget-video .elementor-custom-embed-image-overlay{position:relative;overflow:hidden;height:0;padding-bottom:calc(100% \/ var(--video-aspect-ratio))}.elementor-widget-video .elementor-custom-embed-image-overlay img{position:absolute;top:0;right:0;bottom:0;left:0}}.elementor-widget-video .e-hosted-video .elementor-video{-o-object-fit:cover;object-fit:cover}.e-con-inner>.elementor-widget-video,.e-con>.elementor-widget-video{width:var(--container-widget-width);--flex-grow:var(--container-widget-flex-grow)}<\/style>\t\t<div class=\"elementor-wrapper elementor-open-inline\">\n\t\t\t<div class=\"elementor-video\"><\/div>\t\t<\/div>\n\t\t\t\t<\/div>\n\t\t\t\t<\/div>\n\t\t\t\t\t<\/div>\n\t\t\t\t<\/div>\n\t\t\t\t\t<\/div>\n\t\t\t\t<\/div>\n\t\t\t\t<\/div>\n\t\t<div class=\"elementor-element elementor-element-5838a904 e-flex e-con-boxed elementor-invisible e-con e-parent\" data-id=\"5838a904\" data-element_type=\"container\" id=\"prowadzacy\" data-settings=\"{&quot;animation&quot;:&quot;fadeInUp&quot;,&quot;content_width&quot;:&quot;boxed&quot;}\" data-core-v316-plus=\"true\">\n\t\t\t\t\t<div class=\"e-con-inner\">\n\t\t\t\t<div class=\"elementor-element elementor-element-4c1c4017 elementor-widget elementor-widget-heading\" data-id=\"4c1c4017\" data-element_type=\"widget\" data-widget_type=\"heading.default\">\n\t\t\t\t<div class=\"elementor-widget-container\">\n\t\t\t<h2 class=\"elementor-heading-title elementor-size-default\"><h2 data-elementor-setting-key=\"title\" data-pen-placeholder=\"Pisz tutaj...\" style=\"color: rgb(255, 255, 255);\">Transkrypcja<span style=\"color: rgb(0, 16, 46); text-align: var(--text-align);\"><\/span><\/h2><\/h2>\t\t<\/div>\n\t\t\t\t<\/div>\n\t\t\t\t<div class=\"elementor-element elementor-element-152b314a elementor-widget elementor-widget-text-editor\" data-id=\"152b314a\" data-element_type=\"widget\" data-widget_type=\"text-editor.default\">\n\t\t\t\t<div class=\"elementor-widget-container\">\n\t\t\t\t\t\t\t<style>\n  .podcast-nav {\n    margin: 25px 0;\n    padding-left: 45px; \/* Margines na komputerze *\/\n    font-family: 'Poppins', sans-serif !important;\n  }\n\n  @media (max-width: 600px) {\n    .podcast-nav {\n      padding-left: 15px !important; \/* Margines na telefonie *\/\n    }\n  }\n<\/style>\n\n<nav class=\"podcast-nav\" aria-label=\"Spis tre\u015bci podcastu\">\n<ol style=\"list-style: none !important; padding: 0 !important; margin: 0 !important; counter-reset: podcast-item;\">\n\t<li style=\"counter-increment: podcast-item; margin-bottom: 8px !important; display: flex; align-items: flex-start;\"><span style=\"color: #ffffff !important; font-weight: 700 !important; margin-right: 15px; font-size: 17px !important; min-width: 30px; line-height: 1.3;\">01<\/span>\n<a class=\"podcast-link\" style=\"color: #ffffff !important; text-decoration: underline !important; font-size: 17px !important; font-weight: 400 !important; line-height: 1.3; text-shadow: none !important; box-shadow: none !important; transition: color 0.2s ease;\" href=\"#problemy-dziasel\">Dlaczego a\u017c 66% Polak\u00f3w ma problemy z zapaleniem dzi\u0105se\u0142 lub przyz\u0119bia<\/a><\/li>\n\t<li style=\"counter-increment: podcast-item; margin-bottom: 8px !important; display: flex; align-items: flex-start;\"><span style=\"color: #ffffff !important; font-weight: 700 !important; margin-right: 15px; font-size: 17px !important; min-width: 30px; line-height: 1.3;\">02<\/span>\n<a class=\"podcast-link\" style=\"color: #ffffff !important; text-decoration: underline !important; font-size: 17px !important; font-weight: 400 !important; line-height: 1.3; text-shadow: none !important; box-shadow: none !important;\" href=\"#psi-index\">Jak wykona\u0107 periodontal screening index<\/a><\/li>\n\t<li style=\"counter-increment: podcast-item; margin-bottom: 8px !important; display: flex; align-items: flex-start;\"><span style=\"color: #ffffff !important; font-weight: 700 !important; margin-right: 15px; font-size: 17px !important; min-width: 30px; line-height: 1.3;\">03<\/span>\n<a class=\"podcast-link\" style=\"color: #ffffff !important; text-decoration: underline !important; font-size: 17px !important; font-weight: 400 !important; line-height: 1.3; text-shadow: none !important; box-shadow: none !important;\" href=\"#wplyw-ogolny\">Wp\u0142yw chor\u00f3b przyz\u0119bia na zdrowie ca\u0142ego organizmu<\/a><\/li>\n\t<li style=\"counter-increment: podcast-item; margin-bottom: 8px !important; display: flex; align-items: flex-start;\"><span style=\"color: #ffffff !important; font-weight: 700 !important; margin-right: 15px; font-size: 17px !important; min-width: 30px; line-height: 1.3;\">04<\/span>\n<a class=\"podcast-link\" style=\"color: #ffffff !important; text-decoration: underline !important; font-size: 17px !important; font-weight: 400 !important; line-height: 1.3; text-shadow: none !important; box-shadow: none !important;\" href=\"#cukrzyca-dziasla\">Wp\u0142yw chor\u00f3b przyz\u0119bia na rozw\u00f3j cukrzycy<\/a><\/li>\n\t<li style=\"counter-increment: podcast-item; margin-bottom: 8px !important; display: flex; align-items: flex-start;\"><span style=\"color: #ffffff !important; font-weight: 700 !important; margin-right: 15px; font-size: 17px !important; min-width: 30px; line-height: 1.3;\">05<\/span>\n<a class=\"podcast-link\" style=\"color: #ffffff !important; text-decoration: underline !important; font-size: 17px !important; font-weight: 400 !important; line-height: 1.3; text-shadow: none !important; box-shadow: none !important;\" href=\"#ciaza-przyzebie\">Choroby przyz\u0119bia a ci\u0105\u017ca<\/a><\/li>\n\t<li style=\"counter-increment: podcast-item; margin-bottom: 8px !important; display: flex; align-items: flex-start;\"><span style=\"color: #ffffff !important; font-weight: 700 !important; margin-right: 15px; font-size: 17px !important; min-width: 30px; line-height: 1.3;\">06<\/span>\n<a class=\"podcast-link\" style=\"color: #ffffff !important; text-decoration: underline !important; font-size: 17px !important; font-weight: 400 !important; line-height: 1.3; text-shadow: none !important; box-shadow: none !important;\" href=\"#diagnostyka-przyzebia\">Diagnostyka<\/a><\/li>\n\t<li style=\"counter-increment: podcast-item; margin-bottom: 8px !important; display: flex; align-items: flex-start;\"><span style=\"color: #ffffff !important; font-weight: 700 !important; margin-right: 15px; font-size: 17px !important; min-width: 30px; line-height: 1.3;\">07<\/span>\n<a class=\"podcast-link\" style=\"color: #ffffff !important; text-decoration: underline !important; font-size: 17px !important; font-weight: 400 !important; line-height: 1.3; text-shadow: none !important; box-shadow: none !important;\" href=\"#choroby-zewnetrzne\">Choroby, kt\u00f3re maj\u0105 objawy w jamie ustnej, ale ich \u017ar\u00f3d\u0142o le\u017cy poza jam\u0105 ustn\u0105<\/a><\/li>\n\t<li style=\"counter-increment: podcast-item; margin-bottom: 8px !important; display: flex; align-items: flex-start;\"><span style=\"color: #ffffff !important; font-weight: 700 !important; margin-right: 15px; font-size: 17px !important; min-width: 30px; line-height: 1.3;\">08<\/span>\n<a class=\"podcast-link\" style=\"color: #ffffff !important; text-decoration: underline !important; font-size: 17px !important; font-weight: 400 !important; line-height: 1.3; text-shadow: none !important; box-shadow: none !important;\" href=\"#nowotwory-jamy-ustnej\">Nowotwory jamy ustnej<\/a><\/li>\n\t<li style=\"counter-increment: podcast-item; margin-bottom: 8px !important; display: flex; align-items: flex-start;\"><span style=\"color: #ffffff !important; font-weight: 700 !important; margin-right: 15px; font-size: 17px !important; min-width: 30px; line-height: 1.3;\">09<\/span>\n<a class=\"podcast-link\" style=\"color: #ffffff !important; text-decoration: underline !important; font-size: 17px !important; font-weight: 400 !important; line-height: 1.3; text-shadow: none !important; box-shadow: none !important;\" href=\"#zmiany-bialo-czerwone\">Zmiany bia\u0142e i czerwone<\/a><\/li>\n<\/ol>\n<\/nav>\n\n<script>\n  const podcastLinks = document.querySelectorAll('.podcast-link');\n  podcastLinks.forEach(link => {\n    link.addEventListener('mouseenter', function() {\n      this.style.setProperty('color', '#dd4026', 'important');\n    });\n    link.addEventListener('mouseleave', function() {\n      this.style.setProperty('color', '#ffffff', 'important');\n    });\n  });\n<\/script>\t\t\t\t\t\t<\/div>\n\t\t\t\t<\/div>\n\t\t\t\t<div class=\"elementor-element elementor-element-3902abd8 elementor-widget elementor-widget-html\" data-id=\"3902abd8\" data-element_type=\"widget\" data-widget_type=\"html.default\">\n\t\t\t\t<div class=\"elementor-widget-container\">\n\t\t\t<div style=\"height: 600px; overflow-y: auto; background-color: #ffffff; border-radius: 12px; font-family: 'Poppins', sans-serif !important; border: none !important;\">\n  <style>\n    .transkrypcja-content {\n      padding: 25px; \n      line-height: 1.6;\n      color: #333;\n      text-align: justify;\n    }\n    .transkrypcja-content h3 {\n      font-size: 1.05em;\n      color: #dd4026;\n      margin-top: 25px;\n      margin-bottom: 10px;\n      font-weight: 700;\n      text-transform: none;\n    }\n    @media (max-width: 600px) {\n      .transkrypcja-content {\n        padding: 20px 15px !important;\n      }\n    }\n  <\/style>\n\n  <div class=\"transkrypcja-content\">\n\n    <section id=\"wprowadzenie\" style=\"scroll-margin-top: 110px; margin-bottom: 30px; border: none !important;\">\n      <p style=\"margin-bottom: 10px; border: none !important;\"><b style=\"font-weight: 900 !important; color: #000 !important; text-transform: uppercase; font-size: 0.85em;\">MAGDA KARPI\u0143SKA:<\/b> Dzie\u0144 dobry Pani Michale. <\/p>\n      <p style=\"margin-bottom: 10px; border: none !important;\"><b style=\"font-weight: 900 !important; color: #000 !important; text-transform: uppercase; font-size: 0.85em;\">MICHA\u0141 SOBCZAK:<\/b> Dzie\u0144 dobry Pani Magdaleno. Dzie\u0144 dobry Pa\u0144stwu. <\/p>\n      \n      <h3>Pocz\u0105tek dyskusji o sedacji<\/h3>\n      <p style=\"margin-bottom: 10px; border: none !important;\"><b style=\"font-weight: 900 !important; color: #000 !important; text-transform: uppercase; font-size: 0.85em;\">MK:<\/b> Tematem dzisiejszego podcastu jest sedacja. Mam takie wra\u017cenie, \u017ce o tym temacie m\u00f3wi si\u0119 zbyt ma\u0142o. Przed naszym spotkaniem przejrza\u0142am r\u00f3\u017cne grupy stomatologiczne i fora. Tam lekarze pisali, \u017ce nawet je\u015bli chcieliby zacz\u0105\u0107 stosowa\u0107 sedacj\u0119 w swoich gabinetach, to tak naprawd\u0119 nie do ko\u0144ca wiedz\u0105 od czego zacz\u0105\u0107. Wynika to z faktu, \u017ce tych \u017ar\u00f3de\u0142, z kt\u00f3rych mo\u017cna czerpa\u0107 wiedz\u0119, nie ma a\u017c tak du\u017co. <\/p>\n      <p style=\"margin-bottom: 10px; border: none !important;\">Podobnie jest ze szkoleniami, kt\u00f3rych te\u017c brakuje na rynku. Jest to ca\u0142y czas temat, kt\u00f3remu nie po\u015bwi\u0119ca si\u0119 zbyt wiele czasu na uczelniach. St\u0105d mi\u0119dzy innymi wzi\u0105\u0142 si\u0119 pomys\u0142 na t\u0119 rozmow\u0119. Chcia\u0142abym, aby\u015bmy wyja\u015bnili w niej te\u017c, czy sedacja jest bezpieczna. Takie pytania pojawiaj\u0105 si\u0119 do\u015b\u0107 cz\u0119sto, gdy pada samo has\u0142o sedacja. <\/p>\n      <p style=\"margin-bottom: 10px; border: none !important;\">W zwi\u0105zku z tym, w kontek\u015bcie ostatnich zapowiedzi Ministerstwa Zdrowia mam te\u017c nadziej\u0119, \u017ce wyja\u015bnimy, czy lekarze denty\u015bci b\u0119d\u0105 mogli nadal wykonywa\u0107 sedacj\u0119 p\u0142ytk\u0105. Jeszcze raz dzi\u0119kuj\u0119 za to, \u017ce znalaz\u0142 Pan czas na dzisiejsze spotkanie. <\/p>\n      \n      <h3>Stanowisko Ministerstwa Zdrowia<\/h3>\n      <p style=\"margin-bottom: 10px; border: none !important;\"><b style=\"font-weight: 900 !important; color: #000 !important; text-transform: uppercase; font-size: 0.85em;\">MS:<\/b> Bardzo si\u0119 ciesz\u0119, \u017ce b\u0119dziemy mogli o sedacji rozmawia\u0107. Wiele pyta\u0144 zrodzi\u0142o si\u0119 bardzo niedawno na temat sedacji. Sta\u0142o si\u0119 tak dlatego, \u017ce pojawi\u0142a si\u0119 zapowied\u017a Ministerstwa Zdrowia o wprowadzeniu umiej\u0119tno\u015bci, kt\u00f3ra nazywa si\u0119 sedacj\u0105 p\u0142ytk\u0105. I na swego rodzaju nieszcz\u0119\u015bcie lekarze stomatolodzy z tej umiej\u0119tno\u015bci zostali wykluczeni. <\/p>\n      <p style=\"margin-bottom: 10px; border: none !important;\">Ministerstwo Zdrowia w projekcie ustawy zapisa\u0142o konkretne wytyczne. Ta umiej\u0119tno\u015b\u0107 b\u0119dzie umiej\u0119tno\u015bci\u0105, kt\u00f3ra b\u0119dzie dost\u0119pna i otwarta tylko dla lekarzy medycyny, nie lekarzy stomatolog\u00f3w. Natomiast my z tej umiej\u0119tno\u015bci p\u00f3ki co zostali\u015bmy wykluczeni. Natychmiast zrodzi\u0142o si\u0119 ca\u0142e mn\u00f3stwo pyta\u0144, czy my lekarze b\u0119dziemy mogli dalej stosowa\u0107 sedacj\u0119 p\u0142ytk\u0105 w ramach naszych praktyk stomatologicznych. <\/p>\n      <p style=\"margin-bottom: 10px; border: none !important;\">Zatem odpowied\u017a brzmi oczywi\u015bcie, \u017ce mo\u017cemy. B\u0119dziemy mogli i nadal b\u0119dziemy stosowali sedacj\u0119 p\u0142ytk\u0105. Natomiast bardzo smutn\u0105 informacj\u0105 i wiadomo\u015bci\u0105 jest to, \u017ce Ministerstwo Zdrowia wykluczy\u0142o nas z kszta\u0142cenia podyplomowego w dziedzinie sedacji p\u0142ytkiej. My r\u00f3wnie\u017c potrzebujemy si\u0119 doszkala\u0107. Musimy nasz\u0105 wiedz\u0119 od\u015bwie\u017ca\u0107 i pog\u0142\u0119bia\u0107. <\/p>\n      <p style=\"margin-bottom: 10px; border: none !important;\">Wobec tego wykluczenie lekarzy stomatolog\u00f3w z tej umiej\u0119tno\u015bci zamyka nam \u015bcie\u017ck\u0119 dodatkowego dokszta\u0142cenia kt\u00f3re mogliby\u015bmy mie\u0107. Wielu z nas z ca\u0142\u0105 pewno\u015bci\u0105 tak\u0105 umiej\u0119tno\u015b\u0107 dodatkowo chcia\u0142oby posi\u0105\u015b\u0107. Chcemy wiedzie\u0107 wi\u0119cej i lepiej m\u00f3c stosowa\u0107 t\u0119 technik\u0119 u swoich pacjent\u00f3w. <\/p>\n    <\/section>\n\n    <section id=\"czym-jest-sedacja\" style=\"scroll-margin-top: 110px; margin-bottom: 30px; border: none !important;\">\n      <h2 style=\"color: #dd4026 !important; text-transform: uppercase; font-family: 'Poppins', sans-serif !important; font-weight: 900 !important; font-size: 1.3em; margin: 0 0 10px 0; border: none !important;\">Czym jest sedacja<\/h2>\n      <p style=\"margin-bottom: 10px; border: none !important;\"><b style=\"font-weight: 900 !important; color: #000 !important; text-transform: uppercase; font-size: 0.85em;\">MK:<\/b> Chcia\u0142abym, aby\u015bmy zacz\u0119li od wyja\u015bnienia takich bardzo podstawowych zagadnie\u0144. Zak\u0142adam, \u017ce tej rozmowy b\u0119d\u0105 s\u0142uchali zar\u00f3wno lekarze, kt\u00f3rzy stosuj\u0105 ju\u017c sedacj\u0119 w swojej praktyce, jak i ci, kt\u00f3rzy chcieliby j\u0105 wprowadzi\u0107. Dla uporz\u0105dkowania tematu przypomnijmy jeszcze, jak mogliby\u015bmy zdefiniowa\u0107 sedacj\u0119. <\/p>\n      \n      <h3>Definicja i poziomy sedacji<\/h3>\n      <p style=\"margin-bottom: 10px; border: none !important;\"><b style=\"font-weight: 900 !important; color: #000 !important; text-transform: uppercase; font-size: 0.85em;\">MS:<\/b> W najprostszy spos\u00f3b mogliby\u015bmy powiedzie\u0107, \u017ce sedacja jest to r\u00f3\u017cnego stopnia ograniczenie \u015bwiadomo\u015bci pacjenta. I teraz w zale\u017cno\u015bci od tego, jak\u0105 sedacj\u0119 b\u0119dziemy stosowali to w r\u00f3\u017cny spos\u00f3b na t\u0119 \u015bwiadomo\u015b\u0107 b\u0119dziemy wp\u0142ywali. <\/p>\n      <p style=\"margin-bottom: 10px; border: none !important;\">Warto doda\u0107, \u017ce r\u00f3\u017cni lekarze nas b\u0119d\u0105 s\u0142uchali. Ju\u017c na pocz\u0105tku u\u017cyli\u015bmy tutaj takiego poj\u0119cia jak sedacja p\u0142ytka. Trzeba powiedzie\u0107, \u017ce rozr\u00f3\u017cniamy jakby trzy poziomy sedacji. I my w stomatologii, jako lekarze og\u00f3lnie praktykuj\u0105cy, stosuj\u0105c sedacj\u0119 samodzielnie u swoich pacjent\u00f3w, stosujemy tylko i wy\u0142\u0105cznie sedacj\u0119 p\u0142ytk\u0105. <\/p>\n      <p style=\"margin-bottom: 10px; border: none !important;\">Jest to tak zwana sedacja minimalna. To jest najbezpieczniejsza forma sedacji, jak\u0105 mo\u017cemy stosowa\u0107 w naszych gabinetach. Sedacja mo\u017ce zosta\u0107 pog\u0142\u0119biona. Mo\u017cemy w spos\u00f3b wywrze\u0107 silniejszy wp\u0142yw na \u015bwiadomo\u015b\u0107 pacjenta. Wtedy mo\u017cemy mie\u0107 do czynienia z sedacj\u0105 umiarkowan\u0105. <\/p>\n      <p style=\"margin-bottom: 10px; border: none !important;\">Z kolei ten poziom sedacji mo\u017ce by\u0107 samodzielnie wykonywany przez lekarzy r\u00f3\u017cnych specjalno\u015bci, niekoniecznie anestezjolog\u00f3w. Dalej pozostaje nam ju\u017c sedacja g\u0142\u0119boka. Ta sedacja g\u0142\u0119boka jest w zasi\u0119gu ju\u017c tylko lekarza anestezjolog\u00f3w. My, lekarze stomatolodzy, nie mo\u017cemy tej sedacji ju\u017c samodzielnie w naszych gabinetach wykonywa\u0107. <\/p>\n      <p style=\"margin-bottom: 10px; border: none !important;\">Dzieje si\u0119 tak dlatego, \u017ce od sedacji g\u0142\u0119bokiej ju\u017c bardzo niewiele nas dzieli od znieczulenia og\u00f3lnego. To moment, kiedy pacjent ju\u017c ca\u0142kowicie traci swoj\u0105 \u015bwiadomo\u015b\u0107. <\/p>\n    <\/section>\n\n    <section id=\"plytka-gleboka\" style=\"scroll-margin-top: 110px; margin-bottom: 30px; border: none !important;\">\n      <h2 style=\"color: #dd4026 !important; text-transform: uppercase; font-family: 'Poppins', sans-serif !important; font-weight: 900 !important; font-size: 1.3em; margin: 0 0 10px 0; border: none !important;\">Sedacja p\u0142ytka a g\u0142\u0119boka<\/h2>\n      <p style=\"margin-bottom: 10px; border: none !important;\"><b style=\"font-weight: 900 !important; color: #000 !important; text-transform: uppercase; font-size: 0.85em;\">MK:<\/b> Mamy r\u00f3\u017cne poziomy sedacji i r\u00f3\u017cne typy sedacji. My dzisiaj b\u0119dziemy rozmawiali g\u0142\u00f3wnie o sedacji p\u0142ytkiej. Tak\u0105 sedacj\u0119 my lekarze samodzielnie wykonujemy bez dodatkowej opieki lekarza anestezjologa w swoich gabinetach stomatologicznych. Sedacja p\u0142ytka jest najcz\u0119\u015bciej wykonywan\u0105 w gabinetach stomatologicznych, prawda?<\/p>\n      \n      <h3>Wymogi techniczne sedacji<\/h3>\n      <p style=\"margin-bottom: 10px; border: none !important;\"><b style=\"font-weight: 900 !important; color: #000 !important; text-transform: uppercase; font-size: 0.85em;\">MS:<\/b> To jest oczywi\u015bcie najcz\u0119\u015bciej stosowana procedura. Lekarze stomatolodzy bardzo rzadko korzystaj\u0105 samodzielnie z dost\u0119pu do\u017cylnego. Je\u015bli chcemy prowadzi\u0107 sedacj\u0119 umiarkowan\u0105 albo sedacj\u0119 g\u0142\u0119bok\u0105, to w zasadzie w ka\u017cdej z tych sytuacji potrzebujemy ju\u017c dodatkowo dost\u0119pu do\u017cylnego. <\/p>\n      <p style=\"margin-bottom: 10px; border: none !important;\">A my lekarze stomatolodzy rzadko samodzielnie zak\u0142adamy swoim pacjentom dost\u0119p do\u017cylny. Czasem oczywi\u015bcie zdarza si\u0119, \u017ce nasza sedacja p\u0142ytka przechodzi w sedacj\u0119 umiarkowan\u0105. Szczeg\u00f3lnie wtedy, kiedy stosujemy sedacj\u0119 wziewn\u0105 podtlenkiem azotu, ona si\u0119 mo\u017ce nam przytrafi\u0107. Wtedy bardzo szybko z tej sedacji umiarkowanej mo\u017cemy wr\u00f3ci\u0107 do sedacji p\u0142ytkiej. <\/p>\n      <p style=\"margin-bottom: 10px; border: none !important;\">To si\u0119 bardzo \u0142atwo nie dzieje. Lepiej nie doprowadzi\u0107 pacjenta do zbyt g\u0142\u0119bokiej sedacji, z kt\u00f3rej nie potrafiliby\u015bmy \u0142atwo i szybko wybrn\u0105\u0107. Trudno by\u0142oby wtedy samodzielnie poradzi\u0107 sobie z objawami, kt\u00f3re u pacjenta mog\u0105 wyst\u0119powa\u0107. <\/p>\n      \n      <h3>Zasada leczenia jednolekowego<\/h3>\n      <p style=\"margin-bottom: 10px; border: none !important;\">M\u00f3wi\u0105c o sedacji, warto jeszcze od razu tutaj na pocz\u0105tku sklaryfikowa\u0107 naszym kolegom jedn\u0105 rzecz. My samodzielnie w gabinetach stomatologicznych mo\u017cemy stosowa\u0107 sedacj\u0119 p\u0142ytk\u0105, ale tylko jedno lekow\u0105. Oznacza to, \u017ce je\u015bli decydujemy si\u0119 u pacjenta na sedacj\u0119 farmakologiczn\u0105, np. midazolamem u m\u0142odszych dzieci, to stosujemy tylko midazolam. <\/p>\n      <p style=\"margin-bottom: 10px; border: none !important;\">W rezultacie nie \u0142\u0105czymy go i nie mieszamy z podtlenkiem azotu. Dok\u0142adnie w drug\u0105 stron\u0119, je\u015bli decydujemy si\u0119 na sedacj\u0119 wziewn\u0105, to nie \u0142\u0105czymy jej z sedacj\u0105 farmakologiczn\u0105. Nie wolno nam tego robi\u0107. To jest zakazane. Lekarze stomatolodzy samodzielnie nie mog\u0105 stosowa\u0107 sedacji dwulekowej. <\/p>\n      <p style=\"margin-bottom: 10px; border: none !important;\">Mo\u017cemy tylko i wy\u0142\u0105cznie stosowa\u0107 sedacj\u0119 jednolekow\u0105. Stosowanie sedacji dwulekowej dodatkowo zwi\u0105zane jest z tym, \u017ce du\u017co \u0142atwiej jest wprowadzi\u0107 pacjenta w znacznie g\u0142\u0119bszy poziom sedacji. Mo\u017cna niechc\u0105cy przej\u015b\u0107 z sedacji p\u0142ytkiej do umiarkowanej albo g\u0142\u0119bokiej. Wobec tego my, lekarze stomatolodzy, stosujemy sedacj\u0119 p\u0142ytk\u0105. <\/p>\n      \n      <p style=\"margin-bottom: 10px; border: none !important;\"><b style=\"font-weight: 900 !important; color: #000 !important; text-transform: uppercase; font-size: 0.85em;\">MK:<\/b> Granica pomi\u0119dzy jedn\u0105 a drug\u0105 sedacj\u0105 jest do\u015b\u0107 p\u0142ynna i chyba do\u015b\u0107 \u0142atwo jest j\u0105 przekroczy\u0107. Od czego zale\u017cy to, \u017ce przechodzimy z sedacji p\u0142ytkiej w umiarkowan\u0105. Gdzie jest ta granica mi\u0119dzy jedn\u0105 a drug\u0105 sedacj\u0105? <\/p>\n      <p style=\"margin-bottom: 10px; border: none !important;\"><b style=\"font-weight: 900 !important; color: #000 !important; text-transform: uppercase; font-size: 0.85em;\">MS:<\/b> Jaka jest granica mi\u0119dzy jedn\u0105 a drug\u0105 sedacj\u0105, to to w jaki spos\u00f3b pacjent reaguje i jakie odruchy pacjent zachowuje. Bo je\u015bli m\u00f3wimy o sedacji p\u0142ytkiej, To pacjent jest ca\u0142y czas przytomny. W spos\u00f3b \u015bwiadomy reaguje na wszystkie nasze polecenia. Wszystkie jego odruchy s\u0105 zachowane, czyli odruch krtaniowy, odruch kaszlu. <\/p>\n      <p style=\"margin-bottom: 10px; border: none !important;\">W rezultacie pacjent jest w pe\u0142ni z nami wsp\u00f3\u0142pracuj\u0105cy i to jest sedacja p\u0142ytka. Je\u015bli przechodzimy do sedacji umiarkowanej, to pacjent zachowuje adekwatn\u0105 do g\u0142\u0119boko\u015bci sedacji odpowied\u017a na nasze dzia\u0142ania. Odruchy s\u0105 jednak nieco st\u0142umione. Pacjent tak \u017cywo nie reaguje jak w przypadku sedacji p\u0142ytkiej. <\/p>\n      <p style=\"margin-bottom: 10px; border: none !important;\">Ponadto, u pacjenta w sedacji g\u0142\u0119bokiej to taki pacjent, kt\u00f3ry ju\u017c jest pacjentem podsypiaj\u0105cym. Wobec tego ten pacjent ju\u017c ma bardzo st\u0142umione odruchy. On mo\u017ce nie mie\u0107 ju\u017c odruchu krtaniowego. To jest taki pacjent, kt\u00f3ry oczywi\u015bcie b\u0119dzie reagowa\u0142 jeszcze na nasze polecenia. Jego \u015bwiadomo\u015b\u0107 wci\u0105\u017c jest zachowana, ale te odruchy s\u0105 jeszcze bardziej st\u0142umione. <\/p>\n    <\/section>\n\n    <section id=\"asysta-anestezjologa\" style=\"scroll-margin-top: 110px; margin-bottom: 30px; border: none !important;\">\n      <h2 style=\"color: #dd4026 !important; text-transform: uppercase; font-family: 'Poppins', sans-serif !important; font-weight: 900 !important; font-size: 1.3em; margin: 0 0 10px 0; border: none !important;\">Sedacja w asy\u015bcie anestezjologa<\/h2>\n      <p style=\"margin-bottom: 10px; border: none !important;\"><b style=\"font-weight: 900 !important; color: #000 !important; text-transform: uppercase; font-size: 0.85em;\">MK:<\/b> To co jest tym czynnikiem, kt\u00f3ry sprawia, \u017ce pacjent przychodzi nam z jednej sedacji w drug\u0105? <\/p>\n      <p style=\"margin-bottom: 10px; border: none !important;\"><b style=\"font-weight: 900 !important; color: #000 !important; text-transform: uppercase; font-size: 0.85em;\">MS:<\/b> Czynnikiem s\u0105 leki, kt\u00f3re pacjentowi podajemy i ilo\u015b\u0107 tych lek\u00f3w. Zar\u00f3wno w przypadku sedacji farmakologicznej, jak i w przypadku sedacji wziewnej mamy okre\u015blone dawkowanie lek\u00f3w, kt\u00f3re pacjentowi mo\u017cemy podawa\u0107. Plus do tego przechodzenie w bardziej g\u0142\u0119bok\u0105 sedacj\u0119 mo\u017ce by\u0107 sprowokowane tym, \u017ce \u0142\u0105czymy ze sob\u0105 leki. <\/p>\n      \n      <h3>Wsp\u00f3\u0142praca z anestezjologiem<\/h3>\n      <p style=\"margin-bottom: 10px; border: none !important;\">Zaczynaj\u0105 one wtedy na siebie dzia\u0142a\u0107 i wtedy nasz pacjent seduje si\u0119 g\u0142\u0119biej. Nam si\u0119 czasem zdarza stosowa\u0107 u jednego pacjenta sedacj\u0119 farmakologiczn\u0105 w po\u0142\u0105czeniu z sedacj\u0105 wziewn\u0105. Ale mo\u017cemy sobie na to pozwoli\u0107 tylko dlatego, \u017ce zawsze sedacj\u0119 farmakologiczn\u0105 prowadzimy w naszym gabinecie w obecno\u015bci lekarza anestezjologa. <\/p>\n      <p style=\"margin-bottom: 10px; border: none !important;\">My sedacj\u0119 p\u0142ytk\u0105 prowadzimy samodzielnie, natomiast wszystkie sedacje farmakologiczne prowadzimy zawsze razem z lekarzem anestezjologiem. Przyj\u0119li\u015bmy tak\u0105 zasad\u0119 od pocz\u0105tku, kiedy istnieje nasza praktyka. Tej zasady si\u0119 trzymamy, dlatego \u017ce pami\u0119tajcie Pa\u0144stwo, \u017ce je\u015bli wykonujecie dowoln\u0105 sedacj\u0119, to lekarz, kt\u00f3ry odpowiada za leczenie pacjenta, nie mo\u017ce by\u0107 jednocze\u015bnie t\u0105 osob\u0105, kt\u00f3ra odpowiada za monitorowanie pacjenta. <\/p>\n      <p style=\"margin-bottom: 10px; border: none !important;\">Musi by\u0107 druga osoba, kt\u00f3ra w tym czasie monitoruje pacjenta i patrzy na jego funkcje \u017cyciowe. Wobec tego nie jestem w stanie wtedy, kiedy wykonuj\u0119 zabieg stomatologiczny i skupiam si\u0119 na tym zabiegu stomatologicznym, jednocze\u015bnie patrze\u0107 na ilo\u015b\u0107 oddech\u00f3w pacjenta, kolor sk\u00f3ry pacjenta. A w przypadku sedacji farmakologicznej, jak mamy malucha na fotelu, to stosowanie pulsoksymetru nie zawsze jest bardzo skuteczne. <\/p>\n      <p style=\"margin-bottom: 10px; border: none !important;\">Dzieje si\u0119 tak dlatego, \u017ce maluch go bardzo skutecznie potrafi zrzuca\u0107 z palca. Pulsoksymetr pacjenta wsp\u00f3\u0142pracuj\u0105cego zawsze jest na palcu i zawsze widzimy, jak pacjent oddycha. Widzimy jak\u0105 ma cz\u0119sto\u015b\u0107 skurcz\u00f3w serca i jeste\u015bmy w stanie to w spos\u00f3b bardziej przewidywalny kontrolowa\u0107. <\/p>\n      \n      <h3>Monitorowanie i bezpiecze\u0144stwo dziecka<\/h3>\n      <p style=\"margin-bottom: 10px; border: none !important;\">W przypadku sedacji farmakologicznej druga osoba musi obserwowa\u0107 ma\u0142ego pacjenta. Lekarz i asysta s\u0105 naprawd\u0119 bardzo skupieni na pracy i na szybko\u015bci pracy. Chodzi o szybko\u015b\u0107 podawania narz\u0119dzi i materia\u0142\u00f3w z r\u0119ki do r\u0119ki. Musimy ten zabieg wykona\u0107 jak najszybciej i najsprawniej z punktu widzenia tego, \u017ce ten lek nie b\u0119dzie d\u0142ugo dzia\u0142a\u0142. <\/p>\n      <p style=\"margin-bottom: 10px; border: none !important;\"><b style=\"font-weight: 900 !important; color: #000 !important; text-transform: uppercase; font-size: 0.85em;\">MK:<\/b> My\u015bl\u0119, \u017ce bardzo ciekawe jest to, co Pan powiedzia\u0142 przed chwil\u0105. Wszystkie sedacje farmakologiczne w Pana gabinecie wykonywane s\u0105 w asy\u015bcie anestezjologa. Rozumiem, \u017ce to nie jest narzucone odg\u00f3rnie. To jest co\u015b, co Pan wprowadzi\u0142 sam do swojej praktyki?<\/p>\n      <p style=\"margin-bottom: 10px; border: none !important;\"><b style=\"font-weight: 900 !important; color: #000 !important; text-transform: uppercase; font-size: 0.85em;\">MS:<\/b> To nie jest narzucone odg\u00f3rnie. Ta druga osoba, kt\u00f3ra obserwuje pacjenta to mo\u017ce by\u0107 drugi lekarz stomatolog. Mo\u017ce by\u0107 to piel\u0119gniarka albo asysta lekarza. To ma by\u0107 druga osoba, kt\u00f3ra patrzy i monitoruje. <\/p>\n      <p style=\"margin-bottom: 10px; border: none !important;\">Dlatego ja dla w\u0142asnego poczucia bezpiecze\u0144stwa i dla poczucia bezpiecze\u0144stwa rodzic\u00f3w i pacjent\u00f3w lubi\u0119, jak jest ze mn\u0105 lekarz anestezjolog. Daje mi to du\u017cy komfort pracy i tylko z tego powodu ten lekarz anestezjolog jest zawsze z nami. Ja widz\u0119 ogromn\u0105 zalet\u0119 i ogromn\u0105 przewag\u0119 takiego dzia\u0142ania. Wszyscy wtedy spe\u0142niamy swoje role, w spos\u00f3b najlepszy jak potrafimy. <\/p>\n      <p style=\"margin-bottom: 10px; border: none !important;\">Dlatego te\u017c obecno\u015b\u0107 lekarza anestezjologa daje nam dodatkowe poczucie bezpiecze\u0144stwa. Ka\u017cdy z nas, kto wychowuje swoje w\u0142asne dzieci, te\u017c o w\u0142asne dzieci stara si\u0119 troszczy\u0107. Zawsze wyst\u0119puje pewien rodzaj l\u0119ku i niepokoju zwi\u0105zanego z procedurami. Wobec tego obecno\u015b\u0107 anestezjologa daje nam t\u0119 dodatkow\u0105 pewno\u015b\u0107. W sytuacji, kiedy dosz\u0142oby do jakiegokolwiek dzia\u0142ania niepo\u017c\u0105danego, mamy ze sob\u0105 wykwalifikowany personel. <\/p>\n    <\/section>\n\n    <section id=\"u-jakich-pacjentow\" style=\"scroll-margin-top: 110px; margin-bottom: 30px; border: none !important;\">\n      <h2 style=\"color: #dd4026 !important; text-transform: uppercase; font-family: 'Poppins', sans-serif !important; font-weight: 900 !important; font-size: 1.3em; margin: 0 0 10px 0; border: none !important;\">U jakich pacjent\u00f3w nale\u017cy stosowa\u0107 sedacj\u0119<\/h2>\n      <p style=\"margin-bottom: 10px; border: none !important;\"><b style=\"font-weight: 900 !important; color: #000 !important; text-transform: uppercase; font-size: 0.85em;\">MK:<\/b> To chcia\u0142abym, \u017ceby\u015bmy teraz porozmawiali o pacjentach, u kt\u00f3rych sedacj\u0119 mo\u017cemy stosowa\u0107. To s\u0105 pacjenci, kt\u00f3rzy si\u0119 boj\u0105 i tacy, kt\u00f3rzy musz\u0105 by\u0107 jednak otwarci na wsp\u00f3\u0142prac\u0119. To chyba nie zawsze idzie w parze, prawda? <\/p>\n      <p style=\"margin-bottom: 10px; border: none !important;\"><b style=\"font-weight: 900 !important; color: #000 !important; text-transform: uppercase; font-size: 0.85em;\">MS:<\/b> Jest w tym du\u017co prawdy, oczywi\u015bcie. Natomiast z naszego punktu widzenia my stosujemy sedacj\u0119 w zale\u017cno\u015bci od potrzeb stomatologicznych. Znaczenie ma wiek i poziom wsp\u00f3\u0142pracy. Ja jestem lekarzem stomatologiem dzieci\u0119cym. Dla nas, u najm\u0142odszych pacjent\u00f3w, sedacj\u0105 z wyboru jest sedacja farmakologiczna. <\/p>\n      \n      <h3>Dob\u00f3r metody do wieku dziecka<\/h3>\n      <p style=\"margin-bottom: 10px; border: none !important;\">Dzieje si\u0119 tak dlatego, \u017ce sedacja wziewna u takich pacjent\u00f3w nie jest mo\u017cliwa do przeprowadzenia. Taki pacjent z nami nie wsp\u00f3\u0142pracuje na tyle, \u017ceby\u015bmy nauczyli go oddycha\u0107 regularnie przez maseczk\u0119. Wobec tego u m\u0142odszych pacjent\u00f3w my stosujemy najpierw sedacj\u0119 midazolamem. <\/p>\n      <p style=\"margin-bottom: 10px; border: none !important;\">Podajemy dziecku albo syrop albo rozkruszon\u0105 tabletk\u0119 w s\u0142odkim soku. Mo\u017cemy te\u017c poda\u0107 lekarstwo do\u015bluz\u00f3wkowo. Droga donosowa wyklucza mo\u017cliwo\u015b\u0107 wyplucia leku przez pacjenta. Ten lek dzia\u0142a du\u017co szybciej ni\u017c po podaniu doustnym. Co prawda czas, kt\u00f3ry wir mamy na wykonanie zabiegu nieco si\u0119 skraca, ale obserwujemy du\u017co lepsze dzia\u0142anie. <\/p>\n      <p style=\"margin-bottom: 10px; border: none !important;\">I teraz mamy starsze dzieciaki, ju\u017c mi\u0119dzy powiedzmy takim trzecim, sz\u00f3stym rokiem \u017cycia. Tutaj ju\u017c wkraczamy w tak\u0105 przestrze\u0144, gdzie mo\u017cemy spokojnie poda\u0107 lek doustnie. Mamy dzieci, kt\u00f3re ju\u017c rozumiej\u0105, \u017ce przychodz\u0105 do nas po to, \u017ceby\u015bmy mogli wykona\u0107 leczenie stomatologiczne. Z tym maluchem mo\u017cemy ju\u017c porozmawia\u0107. <\/p>\n      \n      <h3>Praca z dzie\u0107mi starszymi i podtlenek azotu<\/h3>\n      <p style=\"margin-bottom: 10px; border: none !important;\">Mo\u017cemy mu wyt\u0142umaczy\u0107, \u017ce chcemy poda\u0107 dziecku lekarstwo, kt\u00f3re ma nam pom\u00f3c wykona\u0107 ten zabieg. Taki maluch cz\u0119sto ju\u017c lek po\u0142knie w s\u0142odkim soku malinowym. Natomiast powy\u017cej sz\u00f3stego, pi\u0105tego roku \u017cycia sedacj\u0105 z wyboru jest sedacja czyli podtlenek azotu. Tu ju\u017c wkraczamy w grup\u0119 dzieci, kt\u00f3re osi\u0105gn\u0119\u0142y odpowiedni poziom intelektualny. <\/p>\n      <p style=\"margin-bottom: 10px; border: none !important;\">Jeste\u015bmy w stanie z nimi porozumie\u0107 si\u0119 na temat oddychania przez nos. Maj\u0105 ju\u017c za sob\u0105 w \u017cyciu wiele inhalacji wykonywanych w domu z powodu r\u00f3\u017cnych infekcji. Wobec tego maseczka nie jest dla nich niczym nowym ani nieprzyjemnym. Uczymy je tego, jak b\u0119dziemy t\u0119 maseczk\u0119 na nosie stosowa\u0107. <\/p>\n      <p style=\"margin-bottom: 10px; border: none !important;\">Pyta\u0142a Pani o grup\u0119 pacjent\u00f3w. Mniejsze dzieci s\u0105 mniej wsp\u00f3\u0142pracuj\u0105ce z powod\u00f3w oczywistych. Maj\u0105 ma\u0142o cierpliwo\u015bci. Wir u dzieci w sedacji wykonujemy takie zabiegi, kt\u00f3re daje si\u0119 szybko wykona\u0107. Je\u015bli mamy do wykonania bardziej zaawansowane procedury, to wtedy si\u0119gamy po znieczulenie og\u00f3lne, a nie po sedacj\u0119. <\/p>\n      <p style=\"margin-bottom: 10px; border: none !important;\">Ponadto, u dzieci starszych te dzieci musz\u0105 chcie\u0107 z nami wsp\u00f3\u0142pracowa\u0107 po to, \u017ceby\u015bmy mogli u\u017cy\u0107 u nich sedacji wziewnej. Podtlenek azotu jest cudownym lekarstwem, ale pod jednym warunkiem. Pacjent musi z nami dobrze wsp\u00f3\u0142pracowa\u0107. U pacjenta niewsp\u00f3\u0142pracuj\u0105cego sedacja wziewna nie jest w og\u00f3le rozwi\u0105zaniem. <\/p>\n    <\/section>\n\n    <section id=\"sedacja-czy-ogolne\" style=\"scroll-margin-top: 110px; margin-bottom: 30px; border: none !important;\">\n      <h2 style=\"color: #dd4026 !important; text-transform: uppercase; font-family: 'Poppins', sans-serif !important; font-weight: 900 !important; font-size: 1.3em; margin: 0 0 10px 0; border: none !important;\">Kiedy sedacja a kiedy znieczulenie og\u00f3lne<\/h2>\n      <p style=\"margin-bottom: 10px; border: none !important;\"><b style=\"font-weight: 900 !important; color: #000 !important; text-transform: uppercase; font-size: 0.85em;\">MK:<\/b> Od razu mi si\u0119 pojawi\u0142o kilka dodatkowych pyta\u0144. G\u0142\u00f3wne kryterium dotycz\u0105ce tego, kiedy stosujemy znieczulenia og\u00f3lne, a kiedy sedacj\u0119, jest takie, jak d\u0142ugi zabieg mamy do przeprowadzenia? <\/p>\n      <p style=\"margin-bottom: 10px; border: none !important;\"><b style=\"font-weight: 900 !important; color: #000 !important; text-transform: uppercase; font-size: 0.85em;\">MS:<\/b> To jest troszk\u0119 uproszczenie. Na to, czy zastosujemy u dziecka sedacj\u0119, czy zastosujemy znieczulenie og\u00f3lne, ma wp\u0142yw jeszcze wiele dodatkowych czynnik\u00f3w. Po pierwsze, czy dziecko jest og\u00f3lnie zdrowe. Czy dziecko nie ma jakich\u015b innych dodatkowych obci\u0105\u017ce\u0144 w postaci np. niepe\u0142nosprawno\u015bci. <\/p>\n      <p style=\"margin-bottom: 10px; border: none !important;\">W rezultacie malucha, kt\u00f3ry ma jakie\u015b niepe\u0142nosprawno\u015bci, znacznie \u0142atwiej jest nam leczy\u0107 mimo wszystko w znieczuleniu og\u00f3lnym. Poziom wsp\u00f3\u0142pracy w sedacji mo\u017ce by\u0107 czasem niesatysfakcjonuj\u0105cy. Wobec tego generalizuj\u0105c, ilo\u015b\u0107 procedur i ich stopie\u0144 skomplikowania decyduje o tym, czy si\u0119gamy po sedacj\u0119 czy po znieczulenie og\u00f3lne. <\/p>\n      \n      <p style=\"margin-bottom: 10px; border: none !important;\"><b style=\"font-weight: 900 !important; color: #000 !important; text-transform: uppercase; font-size: 0.85em;\">MK:<\/b> Jak d\u0142ugo dzia\u0142a sedacja farmakologiczna? Bo sedacja wziewna trwa przez ca\u0142y czas, kiedy pacjent ma za\u0142o\u017con\u0105 na twarzy maseczk\u0119. <\/p>\n      <p style=\"margin-bottom: 10px; border: none !important;\"><b style=\"font-weight: 900 !important; color: #000 !important; text-transform: uppercase; font-size: 0.85em;\">MS:<\/b> Je\u015bli chodzi o sedacj\u0119 farmakologiczn\u0105, pocz\u0105tek czasu dzia\u0142ania leku i d\u0142ugo\u015b\u0107 jego dzia\u0142ania zale\u017cy od drogi podania. Kiedy podajemy \u015brodki farmakologiczne przez \u015bluz\u00f3wki, wch\u0142anianie nast\u0119puje du\u017co szybciej. Po podaniu donosowym, po pi\u0119ciu minutach pacjent jest gotowy do wykonywania zabiegu. <\/p>\n      <p style=\"margin-bottom: 10px; border: none !important;\">Czas, jaki wir mamy na wykonanie naszego zabiegu, to jest nie wi\u0119cej ni\u017c 15-20 minut. W tym czasie lek osi\u0105gnie maksymalny poziom swojego dzia\u0142ania. Podobnie jest z sedacj\u0105 doustn\u0105. Przy czym po podaniu doustnym musimy d\u0142u\u017cej czeka\u0107 na efekt dzia\u0142ania leku. Ten lek zaczyna dzia\u0142a\u0107 po oko\u0142o 15-20 minutach. <\/p>\n      <p style=\"margin-bottom: 10px; border: none !important;\">Warto doda\u0107, \u017ce je\u015bli chodzi o sedacj\u0119 wziewn\u0105, to podtlenek azotu b\u0119dzie tak d\u0142ugo dzia\u0142a\u0142, jak d\u0142ugo pacjent b\u0119dzie regularnie oddycha\u0142. My b\u0119dziemy miareczkowali st\u0119\u017cenie na naszym mieszalniku. Chcieliby\u015bmy nie przekroczy\u0107 godziny czasu trwania zabiegu. W zaleceniach taki czas nie powinien przekracza\u0107 jednej godziny. <\/p>\n    <\/section>\n\n    <section id=\"znieczulenie-miejscowe\" style=\"scroll-margin-top: 110px; margin-bottom: 30px; border: none !important;\">\n      <h2 style=\"color: #dd4026 !important; text-transform: uppercase; font-family: 'Poppins', sans-serif !important; font-weight: 900 !important; font-size: 1.3em; margin: 0 0 10px 0; border: none !important;\">Znieczulenie miejscowe<\/h2>\n      <p style=\"margin-bottom: 10px; border: none !important;\"><b style=\"font-weight: 900 !important; color: #000 !important; text-transform: uppercase; font-size: 0.85em;\">MK:<\/b> Czy do sedacji dodajemy jeszcze znieczulenie miejscowe? <\/p>\n      <p style=\"margin-bottom: 10px; border: none !important;\"><b style=\"font-weight: 900 !important; color: #000 !important; text-transform: uppercase; font-size: 0.85em;\">MS:<\/b> Absolutnie tak. Je\u015bli tylko wykonujemy zabiegi bolesne, zawsze wpuszczamy znieczulenie. Je\u015bli chodzi o sedacj\u0119 farmakologiczn\u0105, midazolam nie ma \u017cadnego dzia\u0142ania przeciwb\u00f3lowego. W przypadku podtlenku azotu, ma on dzia\u0142anie przeciwb\u00f3lowe i znosi nieznacznie b\u00f3l. <\/p>\n      <p style=\"margin-bottom: 10px; border: none !important;\">Jednak to dzia\u0142anie przeciwb\u00f3lowe jest niewystarczaj\u0105ce do tego, \u017ceby\u015bmy mogli przeprowadzi\u0107 nasze zabiegi stomatologiczne ca\u0142kiem bez b\u00f3lu. Natomiast jest ono wystarczaj\u0105ce do tego, \u017ceby\u015bmy mogli prawie, \u017ce bezb\u00f3lowo znieczuli\u0107 pacjenta dodatkowo miejscowo. Dzieje si\u0119 to w spos\u00f3b niezauwa\u017calny dla naszego pacjenta. <\/p>\n    <\/section>\n\n    <section id=\"dorosli-pacjenci\" style=\"scroll-margin-top: 110px; margin-bottom: 30px; border: none !important;\">\n      <h2 style=\"color: #dd4026 !important; text-transform: uppercase; font-family: 'Poppins', sans-serif !important; font-weight: 900 !important; font-size: 1.3em; margin: 0 0 10px 0; border: none !important;\">Sedacja u pacjent\u00f3w doros\u0142ych<\/h2>\n      <p style=\"margin-bottom: 10px; border: none !important;\"><b style=\"font-weight: 900 !important; color: #000 !important; text-transform: uppercase; font-size: 0.85em;\">MK:<\/b> Sedacja mo\u017ce by\u0107 r\u00f3wnie dobrze wykonywana u doros\u0142ych, prawda? Tylko nie jest zbyt popularna. <\/p>\n      <p style=\"margin-bottom: 10px; border: none !important;\"><b style=\"font-weight: 900 !important; color: #000 !important; text-transform: uppercase; font-size: 0.85em;\">MS:<\/b> W Polsce sedacja p\u0142ytka u doros\u0142ych nie jest bardzo popularna. Mo\u017ce to wynika z tego, \u017ce doro\u015bli nieco si\u0119 wstydz\u0105 poprosi\u0107 o pomoc. Z moich obserwacji wynika, \u017ce u doros\u0142ych cz\u0119\u015bciej si\u0119gamy po sedacj\u0119 umiarkowan\u0105 wykonywan\u0105 w obecno\u015bci anestezjologa. Dotyczy to szczeg\u00f3lnie zabieg\u00f3w chirurgicznych. <\/p>\n      <p style=\"margin-bottom: 10px; border: none !important;\">Kiedy zachodzi konieczno\u015b\u0107 ekstrakcji np. trzecich z\u0119b\u00f3w trzonowych, wtedy pacjenci ch\u0119tnie si\u0119gaj\u0105 po sedacj\u0119. Cz\u0119sto jest tak dlatego, \u017ce pacjenci z\u017cyj\u0105 si\u0119 z lekarzem i nabieraj\u0105 do niego du\u017cego zaufania. Je\u015bli widz\u0105, \u017ce doktor poradzi\u0142 sobie z ich dzie\u0107mi, to ufaj\u0105 mu r\u00f3wnie\u017c w swojej sprawie. <\/p>\n      <p style=\"margin-bottom: 10px; border: none !important;\">Ponadto, musimy pami\u0119ta\u0107 o przygotowaniu. Pacjent doros\u0142y nie mo\u017ce wyj\u015b\u0107 od nas i usi\u0105\u015b\u0107 za kierownic\u0105 samochodu. W \u015bwiecie takim troch\u0119 zwariowanym, nasi pacjenci maj\u0105 swoje grafiki mocno zaplanowane. Jak sobie pomy\u015bl\u0105, \u017ce mieliby jeszcze organizowa\u0107 opiek\u0119 po zabiegu, to odpuszczaj\u0105. To jest na pewno jeden z czynnik\u00f3w wp\u0142ywaj\u0105cych na popularno\u015b\u0107 tej metody. <\/p>\n    <\/section>\n\n    <section id=\"swiadoma-zgoda\" style=\"scroll-margin-top: 110px; margin-bottom: 30px; border: none !important;\">\n      <h2 style=\"color: #dd4026 !important; text-transform: uppercase; font-family: 'Poppins', sans-serif !important; font-weight: 900 !important; font-size: 1.3em; margin: 0 0 10px 0; border: none !important;\">\u015awiadoma zgoda pacjenta na zabieg<\/h2>\n      <p style=\"margin-bottom: 10px; border: none !important;\"><b style=\"font-weight: 900 !important; color: #000 !important; text-transform: uppercase; font-size: 0.85em;\">MK:<\/b> Jakich wskaz\u00f3wek powinni\u015bmy udzieli\u0107 pacjentowi przed zaplanowan\u0105 wizyt\u0105? <\/p>\n      <p style=\"margin-bottom: 10px; border: none !important;\"><b style=\"font-weight: 900 !important; color: #000 !important; text-transform: uppercase; font-size: 0.85em;\">MS:<\/b> Zawsze takie zabiegi s\u0105 zabiegami planowymi. Obowi\u0105zuje nas zasada 6-4-1. Oznacza to 6 godzin bez sta\u0142ych pokarm\u00f3w i 4 godziny bez mleka mamy dla dzieci. Na godzin\u0119 przed zabiegiem pacjent przestaje pi\u0107 p\u0142yny. Ma to zapobiega\u0107 nudno\u015bciom i wymiotom u pacjenta. <\/p>\n      <p style=\"margin-bottom: 10px; border: none !important;\">Dlatego te\u017c midazolam zmniejsza napi\u0119cie mi\u0119\u015bniowe i \u0142atwiej sprowokowa\u0107 wymioty przy pe\u0142nym brzuchu. Super wa\u017cna rzecz to \u015bwiadoma zgoda pacjenta na zabieg. Pacjent musi zosta\u0107 poinformowany o planie leczenia i dzia\u0142aniach niepo\u017c\u0105danych. W przypadku dzieci oczywi\u015bcie opiekun prawny musi tak\u0105 zgod\u0119 \u015bwiadomie podpisa\u0107. <\/p>\n      \n      <h3>Przeciwwskazania do sedacji<\/h3>\n      <p style=\"margin-bottom: 10px; border: none !important;\"><b style=\"font-weight: 900 !important; color: #000 !important; text-transform: uppercase; font-size: 0.85em;\">MK:<\/b> A komu nigdy sedacji nie powinni\u015bmy przeprowadza\u0107? <\/p>\n      <p style=\"margin-bottom: 10px; border: none !important;\"><b style=\"font-weight: 900 !important; color: #000 !important; text-transform: uppercase; font-size: 0.85em;\">MS:<\/b> Pami\u0119tajcie Pa\u0144stwo, \u017ce nasza praca to tryb ambulatoryjny. Wolno nam leczy\u0107 tylko pacjent\u00f3w og\u00f3lnie zdrowych, z pierwszej i drugiej grupy ASA. M\u00f3wi\u0105c o przeciwwskazaniach, musimy pami\u0119ta\u0107 o kobietach w ci\u0105\u017cy (I i II trymestr) oraz o pacjentach z niedoborami witaminy B12. <\/p>\n      <p style=\"margin-bottom: 10px; border: none !important;\">Zatem przeciwwskazaniem s\u0105 te\u017c przewlek\u0142e obturacyjne choroby p\u0142uc. Na pewno u dzieci nie stosujemy sedacji wziewnej przy astmie. Pami\u0119tajcie te\u017c o \u015bwie\u017cych infekcjach g\u00f3rnych dr\u00f3g oddechowych. U pacjenta z zapaleniem zatok nie osi\u0105gniecie satysfakcjonuj\u0105cego poziomu sedacji. Nigdy te\u017c nie wykonujcie zabiegu na si\u0142\u0119 u pacjenta niewsp\u00f3\u0142pracuj\u0105cego. <\/p>\n    <\/section>\n\n    <section id=\"pomoc-dziecku\" style=\"scroll-margin-top: 110px; margin-bottom: 30px; border: none !important;\">\n      <h2 style=\"color: #dd4026 !important; text-transform: uppercase; font-family: 'Poppins', sans-serif !important; font-weight: 900 !important; font-size: 1.3em; margin: 0 0 10px 0; border: none !important;\">Jak pom\u00f3c dziecku, kt\u00f3re si\u0119 boi<\/h2>\n      <p style=\"margin-bottom: 10px; border: none !important;\"><b style=\"font-weight: 900 !important; color: #000 !important; text-transform: uppercase; font-size: 0.85em;\">MS:<\/b> Aby oswoi\u0107 maseczk\u0119 na nosie, cz\u0119sto dajemy j\u0105 pacjentowi do domu. To pozwala rodzicom po\u0107wiczy\u0107 z dzieckiem przyk\u0142adanie maski. Ja nie widz\u0119 \u017cadnego du\u017cego problemu w osi\u0105gni\u0119ciu sukcesu na tym etapie. Kluczowe jest trzymanie si\u0119 zasad kwalifikacji pacjenta. <\/p>\n      <p style=\"margin-bottom: 10px; border: none !important;\">W rezultacie idealny pacjent do sedacji wziewnej to taki, kt\u00f3ry si\u0119 bardzo boi, ale jednocze\u015bnie bardzo chce leczy\u0107 z\u0119by. To jest dziecko, kt\u00f3re potrzebuje naszej pomocy w prze\u0142amaniu l\u0119ku. Je\u015bli dziecko kategorycznie nie chce leczy\u0107 z\u0119b\u00f3w, sedacja wziewna nie b\u0119dzie skutecznym rozwi\u0105zaniem. <\/p>\n    <\/section>\n\n    <section id=\"etapy-sedacji\" style=\"scroll-margin-top: 110px; margin-bottom: 30px; border: none !important;\">\n      <h2 style=\"color: #dd4026 !important; text-transform: uppercase; font-family: 'Poppins', sans-serif !important; font-weight: 900 !important; font-size: 1.3em; margin: 0 0 10px 0; border: none !important;\">Etapy sedacji wziewnej<\/h2>\n      <p style=\"margin-bottom: 10px; border: none !important;\"><b style=\"font-weight: 900 !important; color: #000 !important; text-transform: uppercase; font-size: 0.85em;\">MS:<\/b> Przygotowujemy pacjenta, k\u0142adziemy go na fotelu i zak\u0142adamy pulsoksymetr. Zaczynamy od rozmowy. Podtlenek azotu pozwala wprowadzi\u0107 pacjenta w stan hipnozy. Mo\u017cemy sugerowa\u0107 wiele rzeczy, w kt\u00f3re pacjent jest w stanie uwierzy\u0107. To jest ten czas na odwr\u00f3cenie uwagi od samego zabiegu stomatologicznego. <\/p>\n      \n      <h3>Rozpocz\u0119cie inhalacji i miareczkowanie<\/h3>\n      <p style=\"margin-bottom: 10px; border: none !important;\">Warto podkre\u015bli\u0107, \u017ce pierwszy etap polega na wentylacji czystym tlenem. Chcemy wyprze\u0107 azot z dr\u00f3g oddechowych. To jest te\u017c czas na ustalenie odpowiedniej obj\u0119to\u015bci oddechowej, czyli przep\u0142ywu. Na mieszalniku mamy worek, kt\u00f3ry pokazuje jak pacjent oddycha. Je\u015bli worek si\u0119 zapada, musimy ten przep\u0142yw po prostu zwi\u0119kszy\u0107. <\/p>\n      <p style=\"margin-bottom: 10px; border: none !important;\">Potem zaczynamy powoli miareczkowa\u0107 podtlenek azotu. Zmieniamy st\u0119\u017cenie co 10% i czekamy oko\u0142o minuty. Obserwujemy jak pacjent si\u0119 zachowuje. Bezpieczne st\u0119\u017cenie to zazwyczaj maksymalnie 50%. Wiele os\u00f3b reaguje ju\u017c przy 30-40%. Je\u015bli pacjent m\u00f3wi, \u017ce mrowiej\u0105 mu paluszki, to znak, \u017ce st\u0119\u017cenie jest ju\u017c wystarczaj\u0105ce. <\/p>\n      <p style=\"margin-bottom: 10px; border: none !important;\">W rezultacie pacjent staje si\u0119 weso\u0142y, u\u015bmiecha si\u0119 i my\u015bli o przyjemnych rzeczach. Wtedy wykonujemy znieczulenie miejscowe. W trakcie zabiegu wi\u0119ksz\u0105 rol\u0119 rozmowy z pacjentem przejmuje nasza asysta. Musimy by\u0107 bardzo tw\u00f3rczy w wymy\u015blaniu historii, aby pacjent czu\u0142 si\u0119 w gabinecie komfortowo. <\/p>\n      \n      <h3>Zako\u0144czenie wizyty w sedacji<\/h3>\n      <p style=\"margin-bottom: 10px; border: none !important;\">Jak ko\u0144czymy nasz zabieg, przestajemy podawa\u0107 podtlenek. Przez kolejne 5 minut podajemy pacjentowi czysty tlen. Musimy wyp\u0142uka\u0107 gaz z organizmu. Je\u015bli odetniemy dop\u0142yw tlenu zbyt gwa\u0142townie, pacjent mo\u017ce mie\u0107 nudno\u015bci. Ca\u0142y czas monitorujemy saturacj\u0119 i akcj\u0119 serca. Dopiero gdy pacjent odzyska pe\u0142n\u0105 sprawno\u015b\u0107, mo\u017ce opu\u015bci\u0107 fotel. <\/p>\n    <\/section>\n\n    <section id=\"zaniepokojenie\" style=\"scroll-margin-top: 110px; margin-bottom: 30px; border: none !important;\">\n      <h2 style=\"color: #dd4026 !important; text-transform: uppercase; font-family: 'Poppins', sans-serif !important; font-weight: 900 !important; font-size: 1.3em; margin: 0 0 10px 0; border: none !important;\">Co powinno nas zaniepokoi\u0107<\/h2>\n      <p style=\"margin-bottom: 10px; border: none !important;\"><b style=\"font-weight: 900 !important; color: #000 !important; text-transform: uppercase; font-size: 0.85em;\">MS:<\/b> Niepokoi\u0107 powinno nas podsypianie pacjenta. Je\u015bli to widzimy, zmniejszamy st\u0119\u017cenie podtlenku azotu. Oznacza to, \u017ce dawka jest zbyt wysoka. Kluczowe parametry to cz\u0119sto\u015b\u0107 oddechu, kolor sk\u00f3ry oraz wskazania pulsoksymetru. Wir musimy te dane monitorowa\u0107 w spos\u00f3b automatyczny w trakcie trwania zabiegu. <\/p>\n      <p style=\"margin-bottom: 10px; border: none !important;\">Ka\u017cdy gabinet musi spe\u0142ni\u0107 konkretne wymogi techniczne. Musimy mie\u0107 mieszalnik z blokad\u0105, pulsoksymetr oraz dodatkowe \u017ar\u00f3d\u0142o tlenu. Poza butl\u0105 w urz\u0105dzeniu, w gabinecie musi by\u0107 jeszcze jeden zbiornik z tlenem i reduktorem. Do tego dochodzi worek ambu oraz taca reanimacyjna z lekami ratunkowymi zgodnie z wymogami prawnymi. <\/p>\n    <\/section>\n\n    <section id=\"bezpieczenstwo\" style=\"scroll-margin-top: 110px; margin-bottom: 30px; border: none !important;\">\n      <h2 style=\"color: #dd4026 !important; text-transform: uppercase; font-family: 'Poppins', sans-serif !important; font-weight: 900 !important; font-size: 1.3em; margin: 0 0 10px 0; border: none !important;\">Czy jest to bezpieczna procedura<\/h2>\n      <p style=\"margin-bottom: 10px; border: none !important;\"><b style=\"font-weight: 900 !important; color: #000 !important; text-transform: uppercase; font-size: 0.85em;\">MS:<\/b> Sedacja p\u0142ytka jest zabiegiem bezpiecznym, je\u015bli wykonujemy j\u0105 zgodnie z wiedz\u0105. W sedacji farmakologicznej pilnujemy dawki midazolamu (max 15 mg). W sedacji wziewnej miareczkowanie zapewnia du\u017ce bezpiecze\u0144stwo. Cho\u0107 w sedacji farmakologicznej \u0142atwiej o dzia\u0142ania niepo\u017c\u0105dane, to wir w naszej praktyce nie widzieli\u015bmy ich od 15 lat. <\/p>\n      <p style=\"margin-bottom: 10px; border: none !important;\">Warto doda\u0107, \u017ce du\u017ce dzia\u0142ania niepo\u017c\u0105dane to g\u0142\u00f3wnie niedotlenienie przy braku kontroli. Ostatnio g\u0142o\u015bno jest o rozrywkowym u\u017cywaniu podtlenku przez m\u0142odzie\u017c. Prowadzi to do uzale\u017cnie\u0144 i tragicznych wypadk\u00f3w. Jednak u ma\u0142ych pacjent\u00f3w medyczna sedacja jest bezpieczna, pod warunkiem stosowania jej zgodnie z przeznaczeniem w gabinecie. <\/p>\n    <\/section>\n\n    <section id=\"dlaczego-nie-wykonuja\" style=\"scroll-margin-top: 110px; margin-bottom: 30px; border: none !important;\">\n      <h2 style=\"color: #dd4026 !important; text-transform: uppercase; font-family: 'Poppins', sans-serif !important; font-weight: 900 !important; font-size: 1.3em; margin: 0 0 10px 0; border: none !important;\">Dlaczego wielu lekarzy nie wykonuje sedacji<\/h2>\n      <p style=\"margin-bottom: 10px; border: none !important;\"><b style=\"font-weight: 900 !important; color: #000 !important; text-transform: uppercase; font-size: 0.85em;\">MS:<\/b> Na to sk\u0142ada si\u0119 wiele czynnik\u00f3w. Wymagania sprz\u0119towe i d\u0142u\u017cszy czas trwania zabieg\u00f3w to tylko pocz\u0105tek. Sedacja wymaga te\u017c od lekarza ch\u0119ci bycia psychologiem. Nie ka\u017cdy ma ochot\u0119 po\u015bwi\u0119ca\u0107 czas na przekonywanie trudnego pacjenta. Cz\u0119sto lekarze zniech\u0119caj\u0105 si\u0119 te\u017c po pierwszych pr\u00f3bach. <\/p>\n      <p style=\"margin-bottom: 10px; border: none !important;\">Dzieje si\u0119 tak, gdy bez do\u015bwiadczenia stosuj\u0105 st\u0119\u017cenia powy\u017cej 50%. Wtedy pacjent zasypia zbyt g\u0142\u0119boko, co budzi l\u0119k u lekarza. Niestety brakuje nam systemu szkoleniowego, kt\u00f3ry by do tego przygotowywa\u0142. W Polsce nikt w trakcie studi\u00f3w nie uczy sedacji tak, \u017ceby lekarz czu\u0142 si\u0119 w pe\u0142ni przygotowany do samodzielnej pracy. <\/p>\n    <\/section>\n\n    <section id=\"nauka-na-studiach\" style=\"scroll-margin-top: 110px; margin-bottom: 30px; border: none !important;\">\n      <h2 style=\"color: #dd4026 !important; text-transform: uppercase; font-family: 'Poppins', sans-serif !important; font-weight: 900 !important; font-size: 1.3em; margin: 0 0 10px 0; border: none !important;\">Nauka sedacji na studiach<\/h2>\n      <p style=\"margin-bottom: 10px; border: none !important;\"><b style=\"font-weight: 900 !important; color: #000 !important; text-transform: uppercase; font-size: 0.85em;\">MS:<\/b> Pocz\u0105tkuj\u0105cy lekarz powinien zacz\u0105\u0107 od szkole\u0144 pierwszej pomocy. Ka\u017cdy si\u0119gaj\u0105cy po sedacj\u0119 musi umie\u0107 odnale\u017a\u0107 si\u0119 w sytuacji nag\u0142ej. Nast\u0119pnie polecam czytanie literatury i wytycznych organizacji europejskich. Warto te\u017c uczestniczy\u0107 w konferencjach po\u015bwi\u0119conych leczeniu dzieci. <\/p>\n      <p style=\"margin-bottom: 10px; border: none !important;\">Ponadto, przed rozpocz\u0119ciem pracy warto popatrze\u0107, jak zabiegi wykonuje starszy kolega. Ja pracuj\u0119 w sedacji od pocz\u0105tku \u017cycia zawodowego. To obliguje mnie do walki z b\u00f3lem i l\u0119kiem moich pacjent\u00f3w. Rozumiemy ich potrzeby i nie mo\u017cemy by\u0107 \u015blepi na fakt, \u017ce kto\u015b bardzo boi si\u0119 dentysty. Sedacja pozwala nam traktowa\u0107 pacjent\u00f3w po ludzku. <\/p>\n    <\/section>\n\n    <section id=\"sytuacja-prawna\" style=\"scroll-margin-top: 110px; margin-bottom: 20px; border: none !important;\">\n      <h2 style=\"color: #dd4026 !important; text-transform: uppercase; font-family: 'Poppins', sans-serif !important; font-weight: 900 !important; font-size: 1.3em; margin: 0 0 10px 0; border: none !important;\">Sytuacja prawna<\/h2>\n      <p style=\"margin-bottom: 10px; border: none !important;\"><b style=\"font-weight: 900 !important; color: #000 !important; text-transform: uppercase; font-size: 0.85em;\">MS:<\/b> Sedacj\u0119 p\u0142ytk\u0105 lekarze stomatolodzy mog\u0105 wykonywa\u0107 samodzielnie. Pozwala nam na to ustawa o zawodzie lekarza i lekarza dentysty. Wiedza na ten temat jest te\u017c cz\u0119\u015bci\u0105 kszta\u0142cenia stomatologicznego. Na dzie\u0144 dzisiejszy nie potrzebujemy do tego \u017cadnego dodatkowego certyfikatu. <\/p>\n      <p style=\"margin-bottom: 10px; border: none !important;\">Jednak\u017ce powinien istnie\u0107 system weryfikacji wiedzy, by wszyscy czuli si\u0119 bezpieczniej. Sedacja to kluczowe narz\u0119dzie w walce ze stresem. Nie wyobra\u017cam sobie pracy z dzie\u0107mi bez tej metody. Zach\u0119cam lekarzy do stosowania sedacji w spos\u00f3b \u015bwiadomy. \u017beby co\u015b by\u0142o bezpieczne, musi by\u0107 przeprowadzane zgodnie ze sztuk\u0105. <\/p>\n      <p style=\"margin-bottom: 10px; border: none !important;\"><b style=\"font-weight: 900 !important; color: #000 !important; text-transform: uppercase; font-size: 0.85em;\">MK:<\/b> Bardzo dzi\u0119kuj\u0119 za czas i ogrom wiedzy, kt\u00f3rym si\u0119 Pan z nami podzieli\u0142. <\/p>\n      <p style=\"margin-bottom: 10px; border: none !important;\"><b style=\"font-weight: 900 !important; color: #000 !important; text-transform: uppercase; font-size: 0.85em;\">MS:<\/b> Mam nadziej\u0119, \u017ce te informacje b\u0119d\u0105 pomocne. Wszyscy musimy si\u0119 uczy\u0107 przez ca\u0142e \u017cycie. Je\u015bli b\u0119dziecie mieli jakiekolwiek w\u0105tpliwo\u015bci, zach\u0119cam do kontaktu ze mn\u0105. Pozdrawiam serdecznie. <\/p>\n    <\/section>\n\n  <\/div>\n<\/div>\t\t<\/div>\n\t\t\t\t<\/div>\n\t\t\t\t\t<\/div>\n\t\t\t\t<\/div>\n\t\t<div class=\"elementor-element elementor-element-5804b02 e-flex e-con-boxed e-con e-parent\" data-id=\"5804b02\" data-element_type=\"container\" data-settings=\"{&quot;content_width&quot;:&quot;boxed&quot;}\" data-core-v316-plus=\"true\">\n\t\t\t\t\t<div class=\"e-con-inner\">\n\t\t\t\t<div class=\"elementor-element elementor-element-951cfe0 elementor-invisible elementor-widget elementor-widget-heading\" data-id=\"951cfe0\" data-element_type=\"widget\" data-settings=\"{&quot;_animation&quot;:&quot;fadeInUp&quot;}\" data-widget_type=\"heading.default\">\n\t\t\t\t<div class=\"elementor-widget-container\">\n\t\t\t<h2 class=\"elementor-heading-title elementor-size-default\">Szkolenia<\/h2>\t\t<\/div>\n\t\t\t\t<\/div>\n\t\t\t\t<div class=\"elementor-element elementor-element-f8ccaa3 elementor-widget-divider--view-line elementor-invisible elementor-widget elementor-widget-divider\" data-id=\"f8ccaa3\" data-element_type=\"widget\" data-settings=\"{&quot;_animation&quot;:&quot;fadeInUp&quot;}\" data-widget_type=\"divider.default\">\n\t\t\t\t<div class=\"elementor-widget-container\">\n\t\t\t<style>\/*! elementor - v3.19.0 - 28-02-2024 *\/\n.elementor-widget-divider{--divider-border-style:none;--divider-border-width:1px;--divider-color:#0c0d0e;--divider-icon-size:20px;--divider-element-spacing:10px;--divider-pattern-height:24px;--divider-pattern-size:20px;--divider-pattern-url:none;--divider-pattern-repeat:repeat-x}.elementor-widget-divider .elementor-divider{display:flex}.elementor-widget-divider .elementor-divider__text{font-size:15px;line-height:1;max-width:95%}.elementor-widget-divider .elementor-divider__element{margin:0 var(--divider-element-spacing);flex-shrink:0}.elementor-widget-divider .elementor-icon{font-size:var(--divider-icon-size)}.elementor-widget-divider .elementor-divider-separator{display:flex;margin:0;direction:ltr}.elementor-widget-divider--view-line_icon .elementor-divider-separator,.elementor-widget-divider--view-line_text .elementor-divider-separator{align-items:center}.elementor-widget-divider--view-line_icon .elementor-divider-separator:after,.elementor-widget-divider--view-line_icon .elementor-divider-separator:before,.elementor-widget-divider--view-line_text .elementor-divider-separator:after,.elementor-widget-divider--view-line_text .elementor-divider-separator:before{display:block;content:\"\";border-block-end:0;flex-grow:1;border-block-start:var(--divider-border-width) var(--divider-border-style) var(--divider-color)}.elementor-widget-divider--element-align-left .elementor-divider .elementor-divider-separator>.elementor-divider__svg:first-of-type{flex-grow:0;flex-shrink:100}.elementor-widget-divider--element-align-left .elementor-divider-separator:before{content:none}.elementor-widget-divider--element-align-left .elementor-divider__element{margin-left:0}.elementor-widget-divider--element-align-right .elementor-divider .elementor-divider-separator>.elementor-divider__svg:last-of-type{flex-grow:0;flex-shrink:100}.elementor-widget-divider--element-align-right .elementor-divider-separator:after{content:none}.elementor-widget-divider--element-align-right .elementor-divider__element{margin-right:0}.elementor-widget-divider--element-align-start .elementor-divider .elementor-divider-separator>.elementor-divider__svg:first-of-type{flex-grow:0;flex-shrink:100}.elementor-widget-divider--element-align-start .elementor-divider-separator:before{content:none}.elementor-widget-divider--element-align-start .elementor-divider__element{margin-inline-start:0}.elementor-widget-divider--element-align-end .elementor-divider .elementor-divider-separator>.elementor-divider__svg:last-of-type{flex-grow:0;flex-shrink:100}.elementor-widget-divider--element-align-end .elementor-divider-separator:after{content:none}.elementor-widget-divider--element-align-end .elementor-divider__element{margin-inline-end:0}.elementor-widget-divider:not(.elementor-widget-divider--view-line_text):not(.elementor-widget-divider--view-line_icon) .elementor-divider-separator{border-block-start:var(--divider-border-width) var(--divider-border-style) var(--divider-color)}.elementor-widget-divider--separator-type-pattern{--divider-border-style:none}.elementor-widget-divider--separator-type-pattern.elementor-widget-divider--view-line .elementor-divider-separator,.elementor-widget-divider--separator-type-pattern:not(.elementor-widget-divider--view-line) .elementor-divider-separator:after,.elementor-widget-divider--separator-type-pattern:not(.elementor-widget-divider--view-line) .elementor-divider-separator:before,.elementor-widget-divider--separator-type-pattern:not([class*=elementor-widget-divider--view]) .elementor-divider-separator{width:100%;min-height:var(--divider-pattern-height);-webkit-mask-size:var(--divider-pattern-size) 100%;mask-size:var(--divider-pattern-size) 100%;-webkit-mask-repeat:var(--divider-pattern-repeat);mask-repeat:var(--divider-pattern-repeat);background-color:var(--divider-color);-webkit-mask-image:var(--divider-pattern-url);mask-image:var(--divider-pattern-url)}.elementor-widget-divider--no-spacing{--divider-pattern-size:auto}.elementor-widget-divider--bg-round{--divider-pattern-repeat:round}.rtl .elementor-widget-divider .elementor-divider__text{direction:rtl}.e-con-inner>.elementor-widget-divider,.e-con>.elementor-widget-divider{width:var(--container-widget-width,100%);--flex-grow:var(--container-widget-flex-grow)}<\/style>\t\t<div class=\"elementor-divider\">\n\t\t\t<span class=\"elementor-divider-separator\">\n\t\t\t\t\t\t<\/span>\n\t\t<\/div>\n\t\t\t\t<\/div>\n\t\t\t\t<\/div>\n\t\t\t\t\t<\/div>\n\t\t\t\t<\/div>\n\t\t<div class=\"elementor-element elementor-element-d874d37 e-flex e-con-boxed e-con e-parent\" data-id=\"d874d37\" data-element_type=\"container\" data-settings=\"{&quot;content_width&quot;:&quot;boxed&quot;}\" data-core-v316-plus=\"true\">\n\t\t\t\t\t<div class=\"e-con-inner\">\n\t\t<div class=\"elementor-element elementor-element-bbd4465 e-con-full e-flex e-con e-child\" data-id=\"bbd4465\" data-element_type=\"container\" data-settings=\"{&quot;content_width&quot;:&quot;full&quot;,&quot;background_background&quot;:&quot;classic&quot;}\">\n\t\t\t\t<div class=\"elementor-element elementor-element-d42af4d elementor-widget elementor-widget-image\" data-id=\"d42af4d\" data-element_type=\"widget\" data-widget_type=\"image.default\">\n\t\t\t\t<div class=\"elementor-widget-container\">\n\t\t\t\t\t\t\t\t\t\t\t\t\t<img fetchpriority=\"high\" decoding=\"async\" width=\"768\" height=\"464\" src=\"https:\/\/dentalday.pl\/podcast\/wp-content\/uploads\/2024\/12\/flow-768x464.png\" class=\"attachment-medium_large size-medium_large wp-image-3540\" alt=\"\" srcset=\"https:\/\/dentalday.pl\/podcast\/wp-content\/uploads\/2024\/12\/flow-768x464.png 768w, https:\/\/dentalday.pl\/podcast\/wp-content\/uploads\/2024\/12\/flow-300x181.png 300w, https:\/\/dentalday.pl\/podcast\/wp-content\/uploads\/2024\/12\/flow-1024x618.png 1024w, https:\/\/dentalday.pl\/podcast\/wp-content\/uploads\/2024\/12\/flow-1536x927.png 1536w, https:\/\/dentalday.pl\/podcast\/wp-content\/uploads\/2024\/12\/flow-1000x604.png 1000w, https:\/\/dentalday.pl\/podcast\/wp-content\/uploads\/2024\/12\/flow-230x139.png 230w, https:\/\/dentalday.pl\/podcast\/wp-content\/uploads\/2024\/12\/flow-350x211.png 350w, https:\/\/dentalday.pl\/podcast\/wp-content\/uploads\/2024\/12\/flow-480x290.png 480w, https:\/\/dentalday.pl\/podcast\/wp-content\/uploads\/2024\/12\/flow.png 1993w\" sizes=\"(max-width: 768px) 100vw, 768px\" \/>\t\t\t\t\t\t\t\t\t\t\t\t\t<\/div>\n\t\t\t\t<\/div>\n\t\t\t\t<div class=\"elementor-element elementor-element-674496c elementor-invisible elementor-widget elementor-widget-heading\" data-id=\"674496c\" data-element_type=\"widget\" data-settings=\"{&quot;_animation&quot;:&quot;fadeInUp&quot;}\" data-widget_type=\"heading.default\">\n\t\t\t\t<div class=\"elementor-widget-container\">\n\t\t\t<h3 class=\"elementor-heading-title elementor-size-default\">Flow Injection<\/h3>\t\t<\/div>\n\t\t\t\t<\/div>\n\t\t\t\t<div class=\"elementor-element elementor-element-82dbe1d card-avatar elementor-widget elementor-widget-image\" data-id=\"82dbe1d\" data-element_type=\"widget\" data-widget_type=\"image.default\">\n\t\t\t\t<div class=\"elementor-widget-container\">\n\t\t\t\t\t\t\t\t\t\t\t\t\t<img decoding=\"async\" width=\"150\" height=\"150\" src=\"https:\/\/dentalday.pl\/podcast\/wp-content\/uploads\/2024\/12\/8-150x150.png\" class=\"attachment-thumbnail size-thumbnail wp-image-3533\" alt=\"\" srcset=\"https:\/\/dentalday.pl\/podcast\/wp-content\/uploads\/2024\/12\/8-150x150.png 150w, https:\/\/dentalday.pl\/podcast\/wp-content\/uploads\/2024\/12\/8-300x300.png 300w, https:\/\/dentalday.pl\/podcast\/wp-content\/uploads\/2024\/12\/8-1024x1024.png 1024w, https:\/\/dentalday.pl\/podcast\/wp-content\/uploads\/2024\/12\/8-768x768.png 768w, https:\/\/dentalday.pl\/podcast\/wp-content\/uploads\/2024\/12\/8-1000x1000.png 1000w, https:\/\/dentalday.pl\/podcast\/wp-content\/uploads\/2024\/12\/8-230x230.png 230w, https:\/\/dentalday.pl\/podcast\/wp-content\/uploads\/2024\/12\/8-350x350.png 350w, https:\/\/dentalday.pl\/podcast\/wp-content\/uploads\/2024\/12\/8-480x480.png 480w, https:\/\/dentalday.pl\/podcast\/wp-content\/uploads\/2024\/12\/8.png 1080w\" sizes=\"(max-width: 150px) 100vw, 150px\" \/>\t\t\t\t\t\t\t\t\t\t\t\t\t<\/div>\n\t\t\t\t<\/div>\n\t\t\t\t<div class=\"elementor-element elementor-element-99e44d9 elementor-invisible elementor-widget elementor-widget-heading\" data-id=\"99e44d9\" data-element_type=\"widget\" data-settings=\"{&quot;_animation&quot;:&quot;fadeInUp&quot;}\" data-widget_type=\"heading.default\">\n\t\t\t\t<div class=\"elementor-widget-container\">\n\t\t\t<h3 class=\"elementor-heading-title elementor-size-default\">lek. dent. <\/br>Daniel Nowakowski<\/h3>\t\t<\/div>\n\t\t\t\t<\/div>\n\t\t\t\t<div class=\"elementor-element elementor-element-2ed1806 elementor-invisible elementor-widget elementor-widget-text-editor\" data-id=\"2ed1806\" data-element_type=\"widget\" data-settings=\"{&quot;_animation&quot;:&quot;fadeInUp&quot;}\" data-widget_type=\"text-editor.default\">\n\t\t\t\t<div class=\"elementor-widget-container\">\n\t\t\t\t\t\t\t<p>W trakcie kursu om\u00f3wimy zastosowanie flow injection zar\u00f3wno w odcinku przednim (lic\u00f3wki kompozytowe), jak i w odcinku bocznym (odbudowa starcia patologicznego).\u00a0Poznasz cyfrowy, p\u00f3\u0142cyfrowy i analogowy protok\u00f3\u0142 pracy, co pozwoli Ci w pe\u0142ni skorzysta\u0107 z kursu niezale\u017cnie jaki sprz\u0119t masz do dyspozycji.\u00a0<\/p>\t\t\t\t\t\t<\/div>\n\t\t\t\t<\/div>\n\t\t\t\t<div class=\"elementor-element elementor-element-b943f68 elementor-icon-list--layout-traditional elementor-list-item-link-full_width elementor-invisible elementor-widget elementor-widget-icon-list\" data-id=\"b943f68\" data-element_type=\"widget\" data-settings=\"{&quot;_animation&quot;:&quot;fadeInUp&quot;,&quot;_animation_delay&quot;:500}\" data-widget_type=\"icon-list.default\">\n\t\t\t\t<div class=\"elementor-widget-container\">\n\t\t\t<link rel=\"stylesheet\" href=\"https:\/\/dentalday.pl\/podcast\/wp-content\/uploads\/elementor\/css\/custom-widget-icon-list.min.css?ver=1773321471\">\t\t<ul class=\"elementor-icon-list-items\">\n\t\t\t\t\t\t\t<li class=\"elementor-icon-list-item\">\n\t\t\t\t\t\t\t\t\t\t\t<a href=\"https:\/\/dentalday.pl\/szkolenia?training_subject%5B%5D=flow_injection\" target=\"_blank\">\n\n\t\t\t\t\t\t\t\t\t\t\t\t<span class=\"elementor-icon-list-icon\">\n\t\t\t\t\t\t\t<svg aria-hidden=\"true\" class=\"e-font-icon-svg e-fas-search\" viewBox=\"0 0 512 512\" xmlns=\"http:\/\/www.w3.org\/2000\/svg\"><path d=\"M505 442.7L405.3 343c-4.5-4.5-10.6-7-17-7H372c27.6-35.3 44-79.7 44-128C416 93.1 322.9 0 208 0S0 93.1 0 208s93.1 208 208 208c48.3 0 92.7-16.4 128-44v16.3c0 6.4 2.5 12.5 7 17l99.7 99.7c9.4 9.4 24.6 9.4 33.9 0l28.3-28.3c9.4-9.4 9.4-24.6.1-34zM208 336c-70.7 0-128-57.2-128-128 0-70.7 57.2-128 128-128 70.7 0 128 57.2 128 128 0 70.7-57.2 128-128 128z\"><\/path><\/svg>\t\t\t\t\t\t<\/span>\n\t\t\t\t\t\t\t\t\t\t<span class=\"elementor-icon-list-text\">SZCZEG\u00d3\u0141Y<\/span>\n\t\t\t\t\t\t\t\t\t\t\t<\/a>\n\t\t\t\t\t\t\t\t\t<\/li>\n\t\t\t\t\t\t<\/ul>\n\t\t\t\t<\/div>\n\t\t\t\t<\/div>\n\t\t\t\t<\/div>\n\t\t<div class=\"elementor-element elementor-element-f8af2e8 e-con-full e-flex e-con e-child\" data-id=\"f8af2e8\" data-element_type=\"container\" data-settings=\"{&quot;content_width&quot;:&quot;full&quot;,&quot;background_background&quot;:&quot;classic&quot;}\">\n\t\t\t\t<div class=\"elementor-element elementor-element-d9ab20f elementor-widget elementor-widget-image\" data-id=\"d9ab20f\" data-element_type=\"widget\" data-widget_type=\"image.default\">\n\t\t\t\t<div class=\"elementor-widget-container\">\n\t\t\t\t\t\t\t\t\t\t\t\t\t<img loading=\"lazy\" decoding=\"async\" width=\"768\" height=\"464\" src=\"https:\/\/dentalday.pl\/podcast\/wp-content\/uploads\/2024\/11\/perio-I-768x464.png\" class=\"attachment-medium_large size-medium_large wp-image-3183\" alt=\"\" srcset=\"https:\/\/dentalday.pl\/podcast\/wp-content\/uploads\/2024\/11\/perio-I-768x464.png 768w, https:\/\/dentalday.pl\/podcast\/wp-content\/uploads\/2024\/11\/perio-I-300x181.png 300w, https:\/\/dentalday.pl\/podcast\/wp-content\/uploads\/2024\/11\/perio-I-1024x618.png 1024w, https:\/\/dentalday.pl\/podcast\/wp-content\/uploads\/2024\/11\/perio-I-1536x927.png 1536w, https:\/\/dentalday.pl\/podcast\/wp-content\/uploads\/2024\/11\/perio-I-1000x604.png 1000w, https:\/\/dentalday.pl\/podcast\/wp-content\/uploads\/2024\/11\/perio-I-230x139.png 230w, https:\/\/dentalday.pl\/podcast\/wp-content\/uploads\/2024\/11\/perio-I-350x211.png 350w, https:\/\/dentalday.pl\/podcast\/wp-content\/uploads\/2024\/11\/perio-I-480x290.png 480w, https:\/\/dentalday.pl\/podcast\/wp-content\/uploads\/2024\/11\/perio-I.png 1993w\" sizes=\"(max-width: 768px) 100vw, 768px\" \/>\t\t\t\t\t\t\t\t\t\t\t\t\t<\/div>\n\t\t\t\t<\/div>\n\t\t\t\t<div class=\"elementor-element elementor-element-dfff11f elementor-invisible elementor-widget elementor-widget-heading\" data-id=\"dfff11f\" data-element_type=\"widget\" data-settings=\"{&quot;_animation&quot;:&quot;fadeInUp&quot;}\" data-widget_type=\"heading.default\">\n\t\t\t\t<div class=\"elementor-widget-container\">\n\t\t\t<h3 class=\"elementor-heading-title elementor-size-default\">Periodontologia - modu\u0142 1 | diagnostyka, planowanie, leczenie chirurgiczne i niechirurgiczne<\/h3>\t\t<\/div>\n\t\t\t\t<\/div>\n\t\t\t\t<div class=\"elementor-element elementor-element-ff99f7f card-avatar elementor-widget elementor-widget-image\" data-id=\"ff99f7f\" data-element_type=\"widget\" data-widget_type=\"image.default\">\n\t\t\t\t<div class=\"elementor-widget-container\">\n\t\t\t\t\t\t\t\t\t\t\t\t\t<img loading=\"lazy\" decoding=\"async\" width=\"150\" height=\"150\" src=\"https:\/\/dentalday.pl\/podcast\/wp-content\/uploads\/2024\/12\/elementy-do-podcastu-3-150x150.png\" class=\"attachment-thumbnail size-thumbnail wp-image-3387\" alt=\"\" srcset=\"https:\/\/dentalday.pl\/podcast\/wp-content\/uploads\/2024\/12\/elementy-do-podcastu-3-150x150.png 150w, https:\/\/dentalday.pl\/podcast\/wp-content\/uploads\/2024\/12\/elementy-do-podcastu-3-300x300.png 300w, https:\/\/dentalday.pl\/podcast\/wp-content\/uploads\/2024\/12\/elementy-do-podcastu-3-1024x1024.png 1024w, https:\/\/dentalday.pl\/podcast\/wp-content\/uploads\/2024\/12\/elementy-do-podcastu-3-768x768.png 768w, https:\/\/dentalday.pl\/podcast\/wp-content\/uploads\/2024\/12\/elementy-do-podcastu-3-1000x1000.png 1000w, https:\/\/dentalday.pl\/podcast\/wp-content\/uploads\/2024\/12\/elementy-do-podcastu-3-230x230.png 230w, https:\/\/dentalday.pl\/podcast\/wp-content\/uploads\/2024\/12\/elementy-do-podcastu-3-350x350.png 350w, https:\/\/dentalday.pl\/podcast\/wp-content\/uploads\/2024\/12\/elementy-do-podcastu-3-480x480.png 480w, https:\/\/dentalday.pl\/podcast\/wp-content\/uploads\/2024\/12\/elementy-do-podcastu-3.png 1080w\" sizes=\"(max-width: 150px) 100vw, 150px\" \/>\t\t\t\t\t\t\t\t\t\t\t\t\t<\/div>\n\t\t\t\t<\/div>\n\t\t\t\t<div class=\"elementor-element elementor-element-6fb3829 elementor-invisible elementor-widget elementor-widget-heading\" data-id=\"6fb3829\" data-element_type=\"widget\" data-settings=\"{&quot;_animation&quot;:&quot;fadeInUp&quot;}\" data-widget_type=\"heading.default\">\n\t\t\t\t<div class=\"elementor-widget-container\">\n\t\t\t<h3 class=\"elementor-heading-title elementor-size-default\">dr n. med. <br \/>\nLidia Jamr\u00f3z-Wilko\u0144ska<\/h3>\t\t<\/div>\n\t\t\t\t<\/div>\n\t\t\t\t<div class=\"elementor-element elementor-element-ed2064f elementor-invisible elementor-widget elementor-widget-text-editor\" data-id=\"ed2064f\" data-element_type=\"widget\" data-settings=\"{&quot;_animation&quot;:&quot;fadeInUp&quot;}\" data-widget_type=\"text-editor.default\">\n\t\t\t\t<div class=\"elementor-widget-container\">\n\t\t\t\t\t\t\t<p>Pierwszy modu\u0142 stworzyli\u015bmy z my\u015bl\u0105 o wszystkich dentystach, kt\u00f3rzy chc\u0105 uporz\u0105dkowa\u0107 swoj\u0105 dotychczasow\u0105 wiedz\u0119 z periodontologii oraz dowiedzie\u0107 si\u0119 jak problemy perio wp\u0142ywaj\u0105 na zabiegi z zakresu endodoncji, ortodoncji czy leczenia protetycznego.<\/p>\t\t\t\t\t\t<\/div>\n\t\t\t\t<\/div>\n\t\t\t\t<div class=\"elementor-element elementor-element-20dfc34 elementor-icon-list--layout-traditional elementor-list-item-link-full_width elementor-invisible elementor-widget elementor-widget-icon-list\" data-id=\"20dfc34\" data-element_type=\"widget\" data-settings=\"{&quot;_animation&quot;:&quot;fadeInUp&quot;,&quot;_animation_delay&quot;:500}\" data-widget_type=\"icon-list.default\">\n\t\t\t\t<div class=\"elementor-widget-container\">\n\t\t\t\t\t<ul class=\"elementor-icon-list-items\">\n\t\t\t\t\t\t\t<li class=\"elementor-icon-list-item\">\n\t\t\t\t\t\t\t\t\t\t\t<a href=\"https:\/\/dentalday.pl\/szkolenia?training_subject%5B%5D=periodontologia&#038;sort=nameasc#listing\" target=\"_blank\">\n\n\t\t\t\t\t\t\t\t\t\t\t\t<span class=\"elementor-icon-list-icon\">\n\t\t\t\t\t\t\t<svg aria-hidden=\"true\" class=\"e-font-icon-svg e-fas-search\" viewBox=\"0 0 512 512\" xmlns=\"http:\/\/www.w3.org\/2000\/svg\"><path d=\"M505 442.7L405.3 343c-4.5-4.5-10.6-7-17-7H372c27.6-35.3 44-79.7 44-128C416 93.1 322.9 0 208 0S0 93.1 0 208s93.1 208 208 208c48.3 0 92.7-16.4 128-44v16.3c0 6.4 2.5 12.5 7 17l99.7 99.7c9.4 9.4 24.6 9.4 33.9 0l28.3-28.3c9.4-9.4 9.4-24.6.1-34zM208 336c-70.7 0-128-57.2-128-128 0-70.7 57.2-128 128-128 70.7 0 128 57.2 128 128 0 70.7-57.2 128-128 128z\"><\/path><\/svg>\t\t\t\t\t\t<\/span>\n\t\t\t\t\t\t\t\t\t\t<span class=\"elementor-icon-list-text\">SZCZEG\u00d3\u0141Y<\/span>\n\t\t\t\t\t\t\t\t\t\t\t<\/a>\n\t\t\t\t\t\t\t\t\t<\/li>\n\t\t\t\t\t\t<\/ul>\n\t\t\t\t<\/div>\n\t\t\t\t<\/div>\n\t\t\t\t<\/div>\n\t\t\t\t\t<\/div>\n\t\t\t\t<\/div>\n\t\t<div class=\"elementor-element elementor-element-39af2eb e-flex e-con-boxed e-con e-parent\" data-id=\"39af2eb\" data-element_type=\"container\" data-settings=\"{&quot;content_width&quot;:&quot;boxed&quot;}\" data-core-v316-plus=\"true\">\n\t\t\t\t\t<div class=\"e-con-inner\">\n\t\t\t\t<div class=\"elementor-element elementor-element-c2784f9 elementor-icon-list--layout-traditional elementor-list-item-link-full_width elementor-invisible elementor-widget elementor-widget-icon-list\" data-id=\"c2784f9\" data-element_type=\"widget\" data-settings=\"{&quot;_animation&quot;:&quot;fadeInUp&quot;,&quot;_animation_delay&quot;:500}\" data-widget_type=\"icon-list.default\">\n\t\t\t\t<div class=\"elementor-widget-container\">\n\t\t\t\t\t<ul class=\"elementor-icon-list-items\">\n\t\t\t\t\t\t\t<li class=\"elementor-icon-list-item\">\n\t\t\t\t\t\t\t\t\t\t\t<a href=\"https:\/\/dentalday.pl\/szkolenia\" target=\"_blank\">\n\n\t\t\t\t\t\t\t\t\t\t\t\t<span class=\"elementor-icon-list-icon\">\n\t\t\t\t\t\t\t<svg aria-hidden=\"true\" class=\"e-font-icon-svg e-fas-tooth\" viewBox=\"0 0 448 512\" xmlns=\"http:\/\/www.w3.org\/2000\/svg\"><path d=\"M443.98 96.25c-11.01-45.22-47.11-82.06-92.01-93.72-32.19-8.36-63 5.1-89.14 24.33-3.25 2.39-6.96 3.73-10.5 5.48l28.32 18.21c7.42 4.77 9.58 14.67 4.8 22.11-4.46 6.95-14.27 9.86-22.11 4.8L162.83 12.84c-20.7-10.85-43.38-16.4-66.81-10.31-44.9 11.67-81 48.5-92.01 93.72-10.13 41.62-.42 80.81 21.5 110.43 23.36 31.57 32.68 68.66 36.29 107.35 4.4 47.16 10.33 94.16 20.94 140.32l7.8 33.95c3.19 13.87 15.49 23.7 29.67 23.7 13.97 0 26.15-9.55 29.54-23.16l34.47-138.42c4.56-18.32 20.96-31.16 39.76-31.16s35.2 12.85 39.76 31.16l34.47 138.42c3.39 13.61 15.57 23.16 29.54 23.16 14.18 0 26.48-9.83 29.67-23.7l7.8-33.95c10.61-46.15 16.53-93.16 20.94-140.32 3.61-38.7 12.93-75.78 36.29-107.35 21.95-29.61 31.66-68.8 21.53-110.43z\"><\/path><\/svg>\t\t\t\t\t\t<\/span>\n\t\t\t\t\t\t\t\t\t\t<span class=\"elementor-icon-list-text\">Wi\u0119cej szkole\u0144<\/span>\n\t\t\t\t\t\t\t\t\t\t\t<\/a>\n\t\t\t\t\t\t\t\t\t<\/li>\n\t\t\t\t\t\t<\/ul>\n\t\t\t\t<\/div>\n\t\t\t\t<\/div>\n\t\t\t\t\t<\/div>\n\t\t\t\t<\/div>\n\t\t<div class=\"elementor-element elementor-element-921f3fd e-flex e-con-boxed e-con e-parent\" data-id=\"921f3fd\" data-element_type=\"container\" data-settings=\"{&quot;content_width&quot;:&quot;boxed&quot;}\" data-core-v316-plus=\"true\">\n\t\t\t\t\t<div class=\"e-con-inner\">\n\t\t\t\t<div class=\"elementor-element elementor-element-0adc3ed elementor-invisible elementor-widget elementor-widget-heading\" data-id=\"0adc3ed\" data-element_type=\"widget\" data-settings=\"{&quot;_animation&quot;:&quot;fadeInUp&quot;}\" data-widget_type=\"heading.default\">\n\t\t\t\t<div class=\"elementor-widget-container\">\n\t\t\t<h2 class=\"elementor-heading-title elementor-size-default\">Mo\u017ce Ci\u0119 r\u00f3wnie\u017c zainteresowa\u0107<\/h2>\t\t<\/div>\n\t\t\t\t<\/div>\n\t\t\t\t<div class=\"elementor-element elementor-element-7269faa elementor-widget-divider--view-line elementor-invisible elementor-widget elementor-widget-divider\" data-id=\"7269faa\" data-element_type=\"widget\" data-settings=\"{&quot;_animation&quot;:&quot;fadeInUp&quot;}\" data-widget_type=\"divider.default\">\n\t\t\t\t<div class=\"elementor-widget-container\">\n\t\t\t\t\t<div class=\"elementor-divider\">\n\t\t\t<span class=\"elementor-divider-separator\">\n\t\t\t\t\t\t<\/span>\n\t\t<\/div>\n\t\t\t\t<\/div>\n\t\t\t\t<\/div>\n\t\t\t\t\t<\/div>\n\t\t\t\t<\/div>\n\t\t<div class=\"elementor-element elementor-element-5cb4d1af e-flex e-con-boxed e-con e-parent\" data-id=\"5cb4d1af\" data-element_type=\"container\" data-settings=\"{&quot;content_width&quot;:&quot;boxed&quot;}\" data-core-v316-plus=\"true\">\n\t\t\t\t\t<div class=\"e-con-inner\">\n\t\t<div class=\"elementor-element elementor-element-4c2cae4a e-flex e-con-boxed e-con e-child\" data-id=\"4c2cae4a\" data-element_type=\"container\" data-settings=\"{&quot;content_width&quot;:&quot;boxed&quot;}\">\n\t\t\t\t\t<div class=\"e-con-inner\">\n\t\t<div class=\"elementor-element elementor-element-49ed7cc0 e-flex e-con-boxed elementor-invisible e-con e-child\" data-id=\"49ed7cc0\" data-element_type=\"container\" data-settings=\"{&quot;animation&quot;:&quot;fadeInUp&quot;,&quot;content_width&quot;:&quot;boxed&quot;}\">\n\t\t\t\t\t<div class=\"e-con-inner\">\n\t\t\t\t<div class=\"elementor-element elementor-element-7594341a elementor-widget elementor-widget-image\" data-id=\"7594341a\" data-element_type=\"widget\" data-widget_type=\"image.default\">\n\t\t\t\t<div class=\"elementor-widget-container\">\n\t\t\t\t\t\t\t\t\t\t\t\t\t\t<a href=\"https:\/\/dentalday.pl\/podcast\/jak-madrze-rozwijac-sie-w-stomatologii\/\">\n\t\t\t\t\t\t\t<img loading=\"lazy\" decoding=\"async\" width=\"1024\" height=\"1024\" src=\"https:\/\/dentalday.pl\/podcast\/wp-content\/uploads\/2024\/11\/Okladka_17_1600x1600_px-1024x1024.jpg\" class=\"attachment-large size-large wp-image-3190\" alt=\"\" srcset=\"https:\/\/dentalday.pl\/podcast\/wp-content\/uploads\/2024\/11\/Okladka_17_1600x1600_px-1024x1024.jpg 1024w, https:\/\/dentalday.pl\/podcast\/wp-content\/uploads\/2024\/11\/Okladka_17_1600x1600_px-300x300.jpg 300w, https:\/\/dentalday.pl\/podcast\/wp-content\/uploads\/2024\/11\/Okladka_17_1600x1600_px-150x150.jpg 150w, https:\/\/dentalday.pl\/podcast\/wp-content\/uploads\/2024\/11\/Okladka_17_1600x1600_px-768x768.jpg 768w, https:\/\/dentalday.pl\/podcast\/wp-content\/uploads\/2024\/11\/Okladka_17_1600x1600_px-1536x1536.jpg 1536w, https:\/\/dentalday.pl\/podcast\/wp-content\/uploads\/2024\/11\/Okladka_17_1600x1600_px-2048x2048.jpg 2048w, https:\/\/dentalday.pl\/podcast\/wp-content\/uploads\/2024\/11\/Okladka_17_1600x1600_px-1000x1000.jpg 1000w, https:\/\/dentalday.pl\/podcast\/wp-content\/uploads\/2024\/11\/Okladka_17_1600x1600_px-230x230.jpg 230w, https:\/\/dentalday.pl\/podcast\/wp-content\/uploads\/2024\/11\/Okladka_17_1600x1600_px-350x350.jpg 350w, https:\/\/dentalday.pl\/podcast\/wp-content\/uploads\/2024\/11\/Okladka_17_1600x1600_px-480x480.jpg 480w\" sizes=\"(max-width: 1024px) 100vw, 1024px\" \/>\t\t\t\t\t\t\t\t<\/a>\n\t\t\t\t\t\t\t\t\t\t\t\t\t<\/div>\n\t\t\t\t<\/div>\n\t\t\t\t<div class=\"elementor-element elementor-element-35bdad07 play-button elementor-invisible elementor-widget elementor-widget-image\" data-id=\"35bdad07\" data-element_type=\"widget\" data-settings=\"{&quot;_animation&quot;:&quot;rotateIn&quot;}\" data-widget_type=\"image.default\">\n\t\t\t\t<div class=\"elementor-widget-container\">\n\t\t\t\t\t\t\t\t\t\t\t\t\t\t<a href=\"https:\/\/dentalday.pl\/podcast\/jak-madrze-rozwijac-sie-w-stomatologii\/\">\n\t\t\t\t\t\t\t<img loading=\"lazy\" decoding=\"async\" width=\"150\" height=\"150\" src=\"https:\/\/dentalday.pl\/podcast\/wp-content\/uploads\/2024\/03\/play-150x150.png\" class=\"attachment-thumbnail size-thumbnail wp-image-116\" alt=\"\" srcset=\"https:\/\/dentalday.pl\/podcast\/wp-content\/uploads\/2024\/03\/play-150x150.png 150w, https:\/\/dentalday.pl\/podcast\/wp-content\/uploads\/2024\/03\/play-300x300.png 300w, https:\/\/dentalday.pl\/podcast\/wp-content\/uploads\/2024\/03\/play-230x230.png 230w, https:\/\/dentalday.pl\/podcast\/wp-content\/uploads\/2024\/03\/play-350x350.png 350w, https:\/\/dentalday.pl\/podcast\/wp-content\/uploads\/2024\/03\/play-480x480.png 480w, https:\/\/dentalday.pl\/podcast\/wp-content\/uploads\/2024\/03\/elementor\/thumbs\/play-qkyypw23v15xzfcfuqed8xvqok9ya5it7yf8ez8i80.png 32w, https:\/\/dentalday.pl\/podcast\/wp-content\/uploads\/2024\/03\/elementor\/thumbs\/play-qkyypw2492dlp6r8gs9xxab7tb82nijuaxhos86tfk.png 64w, https:\/\/dentalday.pl\/podcast\/wp-content\/uploads\/2024\/03\/play.png 512w\" sizes=\"(max-width: 150px) 100vw, 150px\" \/>\t\t\t\t\t\t\t\t<\/a>\n\t\t\t\t\t\t\t\t\t\t\t\t\t<\/div>\n\t\t\t\t<\/div>\n\t\t\t\t\t<\/div>\n\t\t\t\t<\/div>\n\t\t<div class=\"elementor-element elementor-element-7e134252 e-flex e-con-boxed elementor-invisible e-con e-child\" data-id=\"7e134252\" data-element_type=\"container\" data-settings=\"{&quot;animation&quot;:&quot;fadeInUp&quot;,&quot;content_width&quot;:&quot;boxed&quot;}\">\n\t\t\t\t\t<div class=\"e-con-inner\">\n\t\t\t\t<div class=\"elementor-element elementor-element-15f3bc45 elementor-widget elementor-widget-image\" data-id=\"15f3bc45\" data-element_type=\"widget\" data-widget_type=\"image.default\">\n\t\t\t\t<div class=\"elementor-widget-container\">\n\t\t\t\t\t\t\t\t\t\t\t\t\t\t<a href=\"https:\/\/dentalday.pl\/podcast\/nowotwory-jamy-ustnej\/\">\n\t\t\t\t\t\t\t<img loading=\"lazy\" decoding=\"async\" width=\"1024\" height=\"1024\" src=\"https:\/\/dentalday.pl\/podcast\/wp-content\/uploads\/2024\/11\/Okladka_15_1600x1600_px-1024x1024.jpg\" class=\"attachment-large size-large wp-image-3189\" alt=\"\" srcset=\"https:\/\/dentalday.pl\/podcast\/wp-content\/uploads\/2024\/11\/Okladka_15_1600x1600_px-1024x1024.jpg 1024w, https:\/\/dentalday.pl\/podcast\/wp-content\/uploads\/2024\/11\/Okladka_15_1600x1600_px-300x300.jpg 300w, https:\/\/dentalday.pl\/podcast\/wp-content\/uploads\/2024\/11\/Okladka_15_1600x1600_px-150x150.jpg 150w, https:\/\/dentalday.pl\/podcast\/wp-content\/uploads\/2024\/11\/Okladka_15_1600x1600_px-768x768.jpg 768w, https:\/\/dentalday.pl\/podcast\/wp-content\/uploads\/2024\/11\/Okladka_15_1600x1600_px-1536x1536.jpg 1536w, https:\/\/dentalday.pl\/podcast\/wp-content\/uploads\/2024\/11\/Okladka_15_1600x1600_px-2048x2048.jpg 2048w, https:\/\/dentalday.pl\/podcast\/wp-content\/uploads\/2024\/11\/Okladka_15_1600x1600_px-1000x1000.jpg 1000w, https:\/\/dentalday.pl\/podcast\/wp-content\/uploads\/2024\/11\/Okladka_15_1600x1600_px-230x230.jpg 230w, https:\/\/dentalday.pl\/podcast\/wp-content\/uploads\/2024\/11\/Okladka_15_1600x1600_px-350x350.jpg 350w, https:\/\/dentalday.pl\/podcast\/wp-content\/uploads\/2024\/11\/Okladka_15_1600x1600_px-480x480.jpg 480w\" sizes=\"(max-width: 1024px) 100vw, 1024px\" \/>\t\t\t\t\t\t\t\t<\/a>\n\t\t\t\t\t\t\t\t\t\t\t\t\t<\/div>\n\t\t\t\t<\/div>\n\t\t\t\t<div class=\"elementor-element elementor-element-10a43b05 play-button elementor-invisible elementor-widget elementor-widget-image\" data-id=\"10a43b05\" data-element_type=\"widget\" data-settings=\"{&quot;_animation&quot;:&quot;rotateIn&quot;}\" data-widget_type=\"image.default\">\n\t\t\t\t<div class=\"elementor-widget-container\">\n\t\t\t\t\t\t\t\t\t\t\t\t\t\t<a href=\"https:\/\/dentalday.pl\/podcast\/nowotwory-jamy-ustnej\/\">\n\t\t\t\t\t\t\t<img loading=\"lazy\" decoding=\"async\" width=\"150\" height=\"150\" src=\"https:\/\/dentalday.pl\/podcast\/wp-content\/uploads\/2024\/03\/play-150x150.png\" class=\"attachment-thumbnail size-thumbnail wp-image-116\" alt=\"\" srcset=\"https:\/\/dentalday.pl\/podcast\/wp-content\/uploads\/2024\/03\/play-150x150.png 150w, https:\/\/dentalday.pl\/podcast\/wp-content\/uploads\/2024\/03\/play-300x300.png 300w, https:\/\/dentalday.pl\/podcast\/wp-content\/uploads\/2024\/03\/play-230x230.png 230w, https:\/\/dentalday.pl\/podcast\/wp-content\/uploads\/2024\/03\/play-350x350.png 350w, https:\/\/dentalday.pl\/podcast\/wp-content\/uploads\/2024\/03\/play-480x480.png 480w, https:\/\/dentalday.pl\/podcast\/wp-content\/uploads\/2024\/03\/elementor\/thumbs\/play-qkyypw23v15xzfcfuqed8xvqok9ya5it7yf8ez8i80.png 32w, https:\/\/dentalday.pl\/podcast\/wp-content\/uploads\/2024\/03\/elementor\/thumbs\/play-qkyypw2492dlp6r8gs9xxab7tb82nijuaxhos86tfk.png 64w, https:\/\/dentalday.pl\/podcast\/wp-content\/uploads\/2024\/03\/play.png 512w\" sizes=\"(max-width: 150px) 100vw, 150px\" \/>\t\t\t\t\t\t\t\t<\/a>\n\t\t\t\t\t\t\t\t\t\t\t\t\t<\/div>\n\t\t\t\t<\/div>\n\t\t\t\t\t<\/div>\n\t\t\t\t<\/div>\n\t\t<div class=\"elementor-element elementor-element-702ce26c e-flex e-con-boxed elementor-invisible e-con e-child\" data-id=\"702ce26c\" data-element_type=\"container\" data-settings=\"{&quot;animation&quot;:&quot;fadeInUp&quot;,&quot;content_width&quot;:&quot;boxed&quot;}\">\n\t\t\t\t\t<div class=\"e-con-inner\">\n\t\t\t\t<div class=\"elementor-element elementor-element-4c8dc8aa elementor-widget elementor-widget-image\" data-id=\"4c8dc8aa\" data-element_type=\"widget\" data-widget_type=\"image.default\">\n\t\t\t\t<div class=\"elementor-widget-container\">\n\t\t\t\t\t\t\t\t\t\t\t\t\t\t<a href=\"https:\/\/dentalday.pl\/podcast\/badania-krwi-w-chirurgii-stom\/\">\n\t\t\t\t\t\t\t<img loading=\"lazy\" decoding=\"async\" width=\"1024\" height=\"1024\" src=\"https:\/\/dentalday.pl\/podcast\/wp-content\/uploads\/2024\/04\/1600x1600_px-1024x1024.jpg\" class=\"attachment-large size-large wp-image-2497\" alt=\"\" srcset=\"https:\/\/dentalday.pl\/podcast\/wp-content\/uploads\/2024\/04\/1600x1600_px-1024x1024.jpg 1024w, https:\/\/dentalday.pl\/podcast\/wp-content\/uploads\/2024\/04\/1600x1600_px-300x300.jpg 300w, https:\/\/dentalday.pl\/podcast\/wp-content\/uploads\/2024\/04\/1600x1600_px-150x150.jpg 150w, https:\/\/dentalday.pl\/podcast\/wp-content\/uploads\/2024\/04\/1600x1600_px-768x768.jpg 768w, https:\/\/dentalday.pl\/podcast\/wp-content\/uploads\/2024\/04\/1600x1600_px-1536x1536.jpg 1536w, https:\/\/dentalday.pl\/podcast\/wp-content\/uploads\/2024\/04\/1600x1600_px-2048x2048.jpg 2048w, https:\/\/dentalday.pl\/podcast\/wp-content\/uploads\/2024\/04\/1600x1600_px-1000x1000.jpg 1000w, https:\/\/dentalday.pl\/podcast\/wp-content\/uploads\/2024\/04\/1600x1600_px-230x230.jpg 230w, https:\/\/dentalday.pl\/podcast\/wp-content\/uploads\/2024\/04\/1600x1600_px-350x350.jpg 350w, https:\/\/dentalday.pl\/podcast\/wp-content\/uploads\/2024\/04\/1600x1600_px-480x480.jpg 480w\" sizes=\"(max-width: 1024px) 100vw, 1024px\" \/>\t\t\t\t\t\t\t\t<\/a>\n\t\t\t\t\t\t\t\t\t\t\t\t\t<\/div>\n\t\t\t\t<\/div>\n\t\t\t\t<div class=\"elementor-element elementor-element-67a3ebbd play-button elementor-invisible elementor-widget elementor-widget-image\" data-id=\"67a3ebbd\" data-element_type=\"widget\" data-settings=\"{&quot;_animation&quot;:&quot;rotateIn&quot;}\" data-widget_type=\"image.default\">\n\t\t\t\t<div class=\"elementor-widget-container\">\n\t\t\t\t\t\t\t\t\t\t\t\t\t\t<a href=\"https:\/\/dentalday.pl\/podcast\/badania-krwi-w-chirurgii-stom\/\">\n\t\t\t\t\t\t\t<img loading=\"lazy\" decoding=\"async\" width=\"150\" height=\"150\" src=\"https:\/\/dentalday.pl\/podcast\/wp-content\/uploads\/2024\/03\/play-150x150.png\" class=\"attachment-thumbnail size-thumbnail wp-image-116\" alt=\"\" srcset=\"https:\/\/dentalday.pl\/podcast\/wp-content\/uploads\/2024\/03\/play-150x150.png 150w, https:\/\/dentalday.pl\/podcast\/wp-content\/uploads\/2024\/03\/play-300x300.png 300w, https:\/\/dentalday.pl\/podcast\/wp-content\/uploads\/2024\/03\/play-230x230.png 230w, https:\/\/dentalday.pl\/podcast\/wp-content\/uploads\/2024\/03\/play-350x350.png 350w, https:\/\/dentalday.pl\/podcast\/wp-content\/uploads\/2024\/03\/play-480x480.png 480w, https:\/\/dentalday.pl\/podcast\/wp-content\/uploads\/2024\/03\/elementor\/thumbs\/play-qkyypw23v15xzfcfuqed8xvqok9ya5it7yf8ez8i80.png 32w, https:\/\/dentalday.pl\/podcast\/wp-content\/uploads\/2024\/03\/elementor\/thumbs\/play-qkyypw2492dlp6r8gs9xxab7tb82nijuaxhos86tfk.png 64w, https:\/\/dentalday.pl\/podcast\/wp-content\/uploads\/2024\/03\/play.png 512w\" sizes=\"(max-width: 150px) 100vw, 150px\" \/>\t\t\t\t\t\t\t\t<\/a>\n\t\t\t\t\t\t\t\t\t\t\t\t\t<\/div>\n\t\t\t\t<\/div>\n\t\t\t\t\t<\/div>\n\t\t\t\t<\/div>\n\t\t\t\t\t<\/div>\n\t\t\t\t<\/div>\n\t\t\t\t\t<\/div>\n\t\t\t\t<\/div>\n\t\t<div class=\"elementor-element elementor-element-2a3463ba e-flex e-con-boxed e-con e-parent\" data-id=\"2a3463ba\" data-element_type=\"container\" data-settings=\"{&quot;background_background&quot;:&quot;classic&quot;,&quot;content_width&quot;:&quot;boxed&quot;}\" data-core-v316-plus=\"true\">\n\t\t\t\t\t<div class=\"e-con-inner\">\n\t\t\t\t<div class=\"elementor-element elementor-element-5c0854fc elementor-widget elementor-widget-image\" data-id=\"5c0854fc\" data-element_type=\"widget\" data-widget_type=\"image.default\">\n\t\t\t\t<div class=\"elementor-widget-container\">\n\t\t\t\t\t\t\t\t\t\t\t\t\t<img loading=\"lazy\" decoding=\"async\" width=\"300\" height=\"106\" src=\"https:\/\/dentalday.pl\/podcast\/wp-content\/uploads\/2024\/03\/dentalday_logo_rec-300x106.png\" class=\"attachment-medium size-medium wp-image-74\" alt=\"\" srcset=\"https:\/\/dentalday.pl\/podcast\/wp-content\/uploads\/2024\/03\/dentalday_logo_rec-300x106.png 300w, https:\/\/dentalday.pl\/podcast\/wp-content\/uploads\/2024\/03\/dentalday_logo_rec-230x81.png 230w, https:\/\/dentalday.pl\/podcast\/wp-content\/uploads\/2024\/03\/dentalday_logo_rec-350x124.png 350w, https:\/\/dentalday.pl\/podcast\/wp-content\/uploads\/2024\/03\/dentalday_logo_rec-480x170.png 480w, https:\/\/dentalday.pl\/podcast\/wp-content\/uploads\/2024\/03\/dentalday_logo_rec.png 696w\" sizes=\"(max-width: 300px) 100vw, 300px\" \/>\t\t\t\t\t\t\t\t\t\t\t\t\t<\/div>\n\t\t\t\t<\/div>\n\t\t\t\t\t<\/div>\n\t\t\t\t<\/div>\n\t\t<div class=\"elementor-element elementor-element-1cfab005 e-flex e-con-boxed e-con e-parent\" data-id=\"1cfab005\" data-element_type=\"container\" data-settings=\"{&quot;background_background&quot;:&quot;classic&quot;,&quot;content_width&quot;:&quot;boxed&quot;}\" data-core-v316-plus=\"true\">\n\t\t\t\t\t<div class=\"e-con-inner\">\n\t\t<div class=\"elementor-element elementor-element-36956849 e-con-full e-flex e-con e-child\" data-id=\"36956849\" data-element_type=\"container\" data-settings=\"{&quot;content_width&quot;:&quot;full&quot;}\">\n\t\t\t\t<div class=\"elementor-element elementor-element-4104e2d1 elementor-invisible elementor-widget elementor-widget-text-editor\" data-id=\"4104e2d1\" data-element_type=\"widget\" data-settings=\"{&quot;_animation&quot;:&quot;fadeInUp&quot;}\" data-widget_type=\"text-editor.default\">\n\t\t\t\t<div class=\"elementor-widget-container\">\n\t\t\t\t\t\t\t<strong>Strona g\u0142\u00f3wna<\/strong>\n<br \/>\n<a href=\"#home\">Home<\/a>\n<br \/>\n<a href=\"#najnowszy-odcinek\">Najnowszy odcinek<\/a>\n<br \/>\n<a href=\"#pozostale-odcinki-podcastu\">Pozosta\u0142e odcinki podcastu<\/a>\n<br \/>\n<a href=\"#poznaj-prowadzaca\">Poznaj prowadz\u0105c\u0105<\/a>\t\t\t\t\t\t<\/div>\n\t\t\t\t<\/div>\n\t\t\t\t<\/div>\n\t\t<div class=\"elementor-element elementor-element-36f04df e-con-full e-flex e-con e-child\" data-id=\"36f04df\" data-element_type=\"container\" data-settings=\"{&quot;content_width&quot;:&quot;full&quot;}\">\n\t\t\t\t<div class=\"elementor-element elementor-element-56534e38 elementor-invisible elementor-widget elementor-widget-text-editor\" data-id=\"56534e38\" data-element_type=\"widget\" data-settings=\"{&quot;_animation&quot;:&quot;fadeInUp&quot;}\" data-widget_type=\"text-editor.default\">\n\t\t\t\t<div class=\"elementor-widget-container\">\n\t\t\t\t\t\t\t<strong>Polecane<\/strong>\n<br \/>\n<a href=\"https:\/\/dentalday.pl\/szkolenia\">Szkolenia<\/a>\n<br \/>\n<a href=\"https:\/\/blog.dentalday.pl\">Blog<\/a>\n<br \/>\n<a href=\"https:\/\/dentalday.pl\/dofinansowania\">Dofinansowania<\/a>\n<br \/>\n<a href=\"#\">Newsletter<\/a>\t\t\t\t\t\t<\/div>\n\t\t\t\t<\/div>\n\t\t\t\t<\/div>\n\t\t<div class=\"elementor-element elementor-element-151fd8d1 e-con-full e-flex e-con e-child\" data-id=\"151fd8d1\" data-element_type=\"container\" data-settings=\"{&quot;content_width&quot;:&quot;full&quot;}\">\n\t\t\t\t<div class=\"elementor-element elementor-element-18d5a9a elementor-invisible elementor-widget elementor-widget-text-editor\" data-id=\"18d5a9a\" data-element_type=\"widget\" data-settings=\"{&quot;_animation&quot;:&quot;fadeInUp&quot;}\" data-widget_type=\"text-editor.default\">\n\t\t\t\t<div class=\"elementor-widget-container\">\n\t\t\t\t\t\t\t<strong>Kontakt<\/strong>\n<a href=\"mailto:szkolenia@dentalday.pl\">szkolenia@dentalday.pl<\/a>\n<br \/>\n<a href=\"callto:+48518868715\">+48 518 868 715<\/a>\n<br \/>\n<a href=\"callto:+48797263961\">+48 797 263 961<\/a>\n<br \/>\n<a href=\"callto:+48512936661\">+48 512 936 661<\/a>\n<br \/>\n<a href=\"callto:+48509368973\">+48 509 368 973<\/a>\t\t\t\t\t\t<\/div>\n\t\t\t\t<\/div>\n\t\t\t\t<\/div>\n\t\t<div class=\"elementor-element elementor-element-1e8da781 e-con-full e-flex e-con e-child\" data-id=\"1e8da781\" data-element_type=\"container\" data-settings=\"{&quot;content_width&quot;:&quot;full&quot;}\">\n\t\t\t\t<div class=\"elementor-element elementor-element-470579e8 elementor-invisible elementor-widget elementor-widget-text-editor\" data-id=\"470579e8\" data-element_type=\"widget\" data-settings=\"{&quot;_animation&quot;:&quot;fadeInUp&quot;}\" data-widget_type=\"text-editor.default\">\n\t\t\t\t<div class=\"elementor-widget-container\">\n\t\t\t\t\t\t\t<strong>Czy wiesz, \u017ce&#8230;<\/strong>\n<br \/>\nPrzez 10 lat naszej dzia\u0142alno\u015bci zorganizowali\u015bmy ponad 850 kurs\u00f3w oraz przeszkolili\u015bmy ponad 11 100 os\u00f3b. I te liczby ca\u0142y czas rosn\u0105!\t\t\t\t\t\t<\/div>\n\t\t\t\t<\/div>\n\t\t\t\t<\/div>\n\t\t\t\t\t<\/div>\n\t\t\t\t<\/div>\n\t\t<div class=\"elementor-element elementor-element-4f76a4a2 e-flex e-con-boxed e-con e-parent\" data-id=\"4f76a4a2\" data-element_type=\"container\" data-settings=\"{&quot;background_background&quot;:&quot;classic&quot;,&quot;content_width&quot;:&quot;boxed&quot;}\" data-core-v316-plus=\"true\">\n\t\t\t\t\t<div class=\"e-con-inner\">\n\t\t\t\t<div class=\"elementor-element elementor-element-42bd5112 elementor-shape-circle elementor-grid-0 e-grid-align-center elementor-widget elementor-widget-social-icons\" data-id=\"42bd5112\" data-element_type=\"widget\" data-widget_type=\"social-icons.default\">\n\t\t\t\t<div class=\"elementor-widget-container\">\n\t\t\t\t\t<div class=\"elementor-social-icons-wrapper elementor-grid\">\n\t\t\t\t\t\t\t<span class=\"elementor-grid-item\">\n\t\t\t\t\t<a class=\"elementor-icon elementor-social-icon elementor-social-icon-facebook elementor-repeater-item-42c9826\" href=\"https:\/\/www.facebook.com\/dentaldayszkolenia\/\" target=\"_blank\">\n\t\t\t\t\t\t<span class=\"elementor-screen-only\">Facebook<\/span>\n\t\t\t\t\t\t<svg class=\"e-font-icon-svg e-fab-facebook\" viewBox=\"0 0 512 512\" xmlns=\"http:\/\/www.w3.org\/2000\/svg\"><path d=\"M504 256C504 119 393 8 256 8S8 119 8 256c0 123.78 90.69 226.38 209.25 245V327.69h-63V256h63v-54.64c0-62.15 37-96.48 93.67-96.48 27.14 0 55.52 4.84 55.52 4.84v61h-31.28c-30.8 0-40.41 19.12-40.41 38.73V256h68.78l-11 71.69h-57.78V501C413.31 482.38 504 379.78 504 256z\"><\/path><\/svg>\t\t\t\t\t<\/a>\n\t\t\t\t<\/span>\n\t\t\t\t\t\t\t<span class=\"elementor-grid-item\">\n\t\t\t\t\t<a class=\"elementor-icon elementor-social-icon elementor-social-icon-instagram elementor-repeater-item-1942925\" href=\"https:\/\/www.instagram.com\/dentaldayszkolenia\/\" target=\"_blank\">\n\t\t\t\t\t\t<span class=\"elementor-screen-only\">Instagram<\/span>\n\t\t\t\t\t\t<svg class=\"e-font-icon-svg e-fab-instagram\" viewBox=\"0 0 448 512\" xmlns=\"http:\/\/www.w3.org\/2000\/svg\"><path d=\"M224.1 141c-63.6 0-114.9 51.3-114.9 114.9s51.3 114.9 114.9 114.9S339 319.5 339 255.9 287.7 141 224.1 141zm0 189.6c-41.1 0-74.7-33.5-74.7-74.7s33.5-74.7 74.7-74.7 74.7 33.5 74.7 74.7-33.6 74.7-74.7 74.7zm146.4-194.3c0 14.9-12 26.8-26.8 26.8-14.9 0-26.8-12-26.8-26.8s12-26.8 26.8-26.8 26.8 12 26.8 26.8zm76.1 27.2c-1.7-35.9-9.9-67.7-36.2-93.9-26.2-26.2-58-34.4-93.9-36.2-37-2.1-147.9-2.1-184.9 0-35.8 1.7-67.6 9.9-93.9 36.1s-34.4 58-36.2 93.9c-2.1 37-2.1 147.9 0 184.9 1.7 35.9 9.9 67.7 36.2 93.9s58 34.4 93.9 36.2c37 2.1 147.9 2.1 184.9 0 35.9-1.7 67.7-9.9 93.9-36.2 26.2-26.2 34.4-58 36.2-93.9 2.1-37 2.1-147.8 0-184.8zM398.8 388c-7.8 19.6-22.9 34.7-42.6 42.6-29.5 11.7-99.5 9-132.1 9s-102.7 2.6-132.1-9c-19.6-7.8-34.7-22.9-42.6-42.6-11.7-29.5-9-99.5-9-132.1s-2.6-102.7 9-132.1c7.8-19.6 22.9-34.7 42.6-42.6 29.5-11.7 99.5-9 132.1-9s102.7-2.6 132.1 9c19.6 7.8 34.7 22.9 42.6 42.6 11.7 29.5 9 99.5 9 132.1s2.7 102.7-9 132.1z\"><\/path><\/svg>\t\t\t\t\t<\/a>\n\t\t\t\t<\/span>\n\t\t\t\t\t\t\t<span class=\"elementor-grid-item\">\n\t\t\t\t\t<a class=\"elementor-icon elementor-social-icon elementor-social-icon-youtube elementor-repeater-item-69c7b46\" href=\"https:\/\/www.youtube.com\/channel\/UCGSvUI_z8BnuEQlKG96GSsw\" target=\"_blank\">\n\t\t\t\t\t\t<span class=\"elementor-screen-only\">Youtube<\/span>\n\t\t\t\t\t\t<svg class=\"e-font-icon-svg e-fab-youtube\" viewBox=\"0 0 576 512\" xmlns=\"http:\/\/www.w3.org\/2000\/svg\"><path d=\"M549.655 124.083c-6.281-23.65-24.787-42.276-48.284-48.597C458.781 64 288 64 288 64S117.22 64 74.629 75.486c-23.497 6.322-42.003 24.947-48.284 48.597-11.412 42.867-11.412 132.305-11.412 132.305s0 89.438 11.412 132.305c6.281 23.65 24.787 41.5 48.284 47.821C117.22 448 288 448 288 448s170.78 0 213.371-11.486c23.497-6.321 42.003-24.171 48.284-47.821 11.412-42.867 11.412-132.305 11.412-132.305s0-89.438-11.412-132.305zm-317.51 213.508V175.185l142.739 81.205-142.739 81.201z\"><\/path><\/svg>\t\t\t\t\t<\/a>\n\t\t\t\t<\/span>\n\t\t\t\t\t\t\t<span class=\"elementor-grid-item\">\n\t\t\t\t\t<a class=\"elementor-icon elementor-social-icon elementor-social-icon-spotify elementor-repeater-item-03e3eed\" href=\"https:\/\/open.spotify.com\/show\/3qlBIFTZRJryStm0DYVdc2?si=27eecf2d046b4f4b\" target=\"_blank\">\n\t\t\t\t\t\t<span class=\"elementor-screen-only\">Spotify<\/span>\n\t\t\t\t\t\t<svg class=\"e-font-icon-svg e-fab-spotify\" viewBox=\"0 0 496 512\" xmlns=\"http:\/\/www.w3.org\/2000\/svg\"><path d=\"M248 8C111.1 8 0 119.1 0 256s111.1 248 248 248 248-111.1 248-248S384.9 8 248 8zm100.7 364.9c-4.2 0-6.8-1.3-10.7-3.6-62.4-37.6-135-39.2-206.7-24.5-3.9 1-9 2.6-11.9 2.6-9.7 0-15.8-7.7-15.8-15.8 0-10.3 6.1-15.2 13.6-16.8 81.9-18.1 165.6-16.5 237 26.2 6.1 3.9 9.7 7.4 9.7 16.5s-7.1 15.4-15.2 15.4zm26.9-65.6c-5.2 0-8.7-2.3-12.3-4.2-62.5-37-155.7-51.9-238.6-29.4-4.8 1.3-7.4 2.6-11.9 2.6-10.7 0-19.4-8.7-19.4-19.4s5.2-17.8 15.5-20.7c27.8-7.8 56.2-13.6 97.8-13.6 64.9 0 127.6 16.1 177 45.5 8.1 4.8 11.3 11 11.3 19.7-.1 10.8-8.5 19.5-19.4 19.5zm31-76.2c-5.2 0-8.4-1.3-12.9-3.9-71.2-42.5-198.5-52.7-280.9-29.7-3.6 1-8.1 2.6-12.9 2.6-13.2 0-23.3-10.3-23.3-23.6 0-13.6 8.4-21.3 17.4-23.9 35.2-10.3 74.6-15.2 117.5-15.2 73 0 149.5 15.2 205.4 47.8 7.8 4.5 12.9 10.7 12.9 22.6 0 13.6-11 23.3-23.2 23.3z\"><\/path><\/svg>\t\t\t\t\t<\/a>\n\t\t\t\t<\/span>\n\t\t\t\t\t<\/div>\n\t\t\t\t<\/div>\n\t\t\t\t<\/div>\n\t\t\t\t\t<\/div>\n\t\t\t\t<\/div>\n\t\t<div class=\"elementor-element elementor-element-61a634f8 e-flex e-con-boxed e-con e-parent\" data-id=\"61a634f8\" data-element_type=\"container\" data-settings=\"{&quot;background_background&quot;:&quot;classic&quot;,&quot;content_width&quot;:&quot;boxed&quot;}\" data-core-v316-plus=\"true\">\n\t\t\t\t\t<div class=\"e-con-inner\">\n\t\t\t\t<div class=\"elementor-element elementor-element-62ae58d6 elementor-invisible elementor-widget elementor-widget-text-editor\" data-id=\"62ae58d6\" data-element_type=\"widget\" data-settings=\"{&quot;_animation&quot;:&quot;fadeInUp&quot;}\" data-widget_type=\"text-editor.default\">\n\t\t\t\t<div class=\"elementor-widget-container\">\n\t\t\t\t\t\t\t\n\n<a href=\"#\">Polityka prywatno\u015b\u0105ci<\/a>\n<br \/>\n<a href=\"#\">Regulamin<\/a>\n\t\t\t\t\t\t<\/div>\n\t\t\t\t<\/div>\n\t\t\t\t\t<\/div>\n\t\t\t\t<\/div>\n\t\t\t\t<\/div>\n\t\t","protected":false},"excerpt":{"rendered":"<p>lek. dent. Daniel Nowakowski: nowotwory jamy ustnej i wp\u0142yw chor\u00f3b przyz\u0119bia na zdrowie ca\u0142ego organizmu Listen to &#8222;lek. dent. Daniel Nowakowski: o [&hellip;]<\/p>\n","protected":false},"author":1,"featured_media":0,"parent":0,"menu_order":0,"comment_status":"closed","ping_status":"closed","template":"","meta":{"footnotes":""},"class_list":["post-3530","page","type-page","status-publish","hentry"],"yoast_head":"<!-- This site is optimized with the Yoast SEO plugin v25.4 - https:\/\/yoast.com\/wordpress\/plugins\/seo\/ -->\n<title>Nowotwory jamy ustnej - lek. dent. Daniel Nowakowski - Podcast<\/title>\n<meta name=\"description\" content=\"Nowotwory jamy ustnej \u2013 jak rozpoznawa\u0107 zmiany? Pos\u0142uchaj rozmowy z lek. dent. D. Nowakowskim o zdrowiu jamy ustnej i chorobach przyz\u0119bia.\" \/>\n<meta name=\"robots\" content=\"index, follow, max-snippet:-1, max-image-preview:large, max-video-preview:-1\" \/>\n<link rel=\"canonical\" href=\"https:\/\/dentalday.pl\/podcast\/o-nowotworach-jamy-ustnej-i-wplywie-chorob-przyzebia\/\" \/>\n<meta property=\"og:locale\" content=\"pl_PL\" \/>\n<meta property=\"og:type\" content=\"article\" \/>\n<meta property=\"og:title\" content=\"Nowotwory jamy ustnej - lek. dent. Daniel Nowakowski - Podcast\" \/>\n<meta property=\"og:description\" content=\"Nowotwory jamy ustnej \u2013 jak rozpoznawa\u0107 zmiany? Pos\u0142uchaj rozmowy z lek. dent. D. Nowakowskim o zdrowiu jamy ustnej i chorobach przyz\u0119bia.\" \/>\n<meta property=\"og:url\" content=\"https:\/\/dentalday.pl\/podcast\/o-nowotworach-jamy-ustnej-i-wplywie-chorob-przyzebia\/\" \/>\n<meta property=\"og:site_name\" content=\"Praktycznie o stomatologii\" \/>\n<meta property=\"article:modified_time\" content=\"2026-04-14T11:53:12+00:00\" \/>\n<meta property=\"og:image\" content=\"https:\/\/dentalday.pl\/podcast\/wp-content\/uploads\/2024\/12\/7-2.png\" \/>\n\t<meta property=\"og:image:width\" content=\"1080\" \/>\n\t<meta property=\"og:image:height\" content=\"1080\" \/>\n\t<meta property=\"og:image:type\" content=\"image\/png\" \/>\n<meta name=\"twitter:card\" content=\"summary_large_image\" \/>\n<meta name=\"twitter:label1\" content=\"Szacowany czas czytania\" \/>\n\t<meta name=\"twitter:data1\" content=\"27 minut\" \/>\n<script type=\"application\/ld+json\" class=\"yoast-schema-graph\">{\"@context\":\"https:\/\/schema.org\",\"@graph\":[{\"@type\":\"WebPage\",\"@id\":\"https:\/\/dentalday.pl\/podcast\/o-nowotworach-jamy-ustnej-i-wplywie-chorob-przyzebia\/\",\"url\":\"https:\/\/dentalday.pl\/podcast\/o-nowotworach-jamy-ustnej-i-wplywie-chorob-przyzebia\/\",\"name\":\"Nowotwory jamy ustnej - lek. dent. Daniel Nowakowski - Podcast\",\"isPartOf\":{\"@id\":\"https:\/\/dentalday.pl\/podcast\/#website\"},\"primaryImageOfPage\":{\"@id\":\"https:\/\/dentalday.pl\/podcast\/o-nowotworach-jamy-ustnej-i-wplywie-chorob-przyzebia\/#primaryimage\"},\"image\":{\"@id\":\"https:\/\/dentalday.pl\/podcast\/o-nowotworach-jamy-ustnej-i-wplywie-chorob-przyzebia\/#primaryimage\"},\"thumbnailUrl\":\"https:\/\/dentalday.pl\/podcast\/wp-content\/uploads\/2024\/12\/7-2-150x150.png\",\"datePublished\":\"2024-12-10T10:44:47+00:00\",\"dateModified\":\"2026-04-14T11:53:12+00:00\",\"description\":\"Nowotwory jamy ustnej \u2013 jak rozpoznawa\u0107 zmiany? Pos\u0142uchaj rozmowy z lek. dent. D. Nowakowskim o zdrowiu jamy ustnej i chorobach przyz\u0119bia.\",\"breadcrumb\":{\"@id\":\"https:\/\/dentalday.pl\/podcast\/o-nowotworach-jamy-ustnej-i-wplywie-chorob-przyzebia\/#breadcrumb\"},\"inLanguage\":\"pl-PL\",\"potentialAction\":[{\"@type\":\"ReadAction\",\"target\":[\"https:\/\/dentalday.pl\/podcast\/o-nowotworach-jamy-ustnej-i-wplywie-chorob-przyzebia\/\"]}]},{\"@type\":\"ImageObject\",\"inLanguage\":\"pl-PL\",\"@id\":\"https:\/\/dentalday.pl\/podcast\/o-nowotworach-jamy-ustnej-i-wplywie-chorob-przyzebia\/#primaryimage\",\"url\":\"https:\/\/dentalday.pl\/podcast\/wp-content\/uploads\/2024\/12\/7-2.png\",\"contentUrl\":\"https:\/\/dentalday.pl\/podcast\/wp-content\/uploads\/2024\/12\/7-2.png\",\"width\":1080,\"height\":1080,\"caption\":\"lek. dent. Daniel Nowakowski\"},{\"@type\":\"BreadcrumbList\",\"@id\":\"https:\/\/dentalday.pl\/podcast\/o-nowotworach-jamy-ustnej-i-wplywie-chorob-przyzebia\/#breadcrumb\",\"itemListElement\":[{\"@type\":\"ListItem\",\"position\":1,\"name\":\"Strona g\u0142\u00f3wna\",\"item\":\"https:\/\/dentalday.pl\/podcast\/\"},{\"@type\":\"ListItem\",\"position\":2,\"name\":\"11. O nowotworach jamy ustnej &#8211; lek. dent. Daniel Nowakowski\"}]},{\"@type\":\"WebSite\",\"@id\":\"https:\/\/dentalday.pl\/podcast\/#website\",\"url\":\"https:\/\/dentalday.pl\/podcast\/\",\"name\":\"Praktycznie o stomatologii\",\"description\":\"\",\"potentialAction\":[{\"@type\":\"SearchAction\",\"target\":{\"@type\":\"EntryPoint\",\"urlTemplate\":\"https:\/\/dentalday.pl\/podcast\/?s={search_term_string}\"},\"query-input\":{\"@type\":\"PropertyValueSpecification\",\"valueRequired\":true,\"valueName\":\"search_term_string\"}}],\"inLanguage\":\"pl-PL\"}]}<\/script>\n<!-- \/ Yoast SEO plugin. -->","yoast_head_json":{"title":"Nowotwory jamy ustnej - lek. dent. Daniel Nowakowski - Podcast","description":"Nowotwory jamy ustnej \u2013 jak rozpoznawa\u0107 zmiany? Pos\u0142uchaj rozmowy z lek. dent. D. Nowakowskim o zdrowiu jamy ustnej i chorobach przyz\u0119bia.","robots":{"index":"index","follow":"follow","max-snippet":"max-snippet:-1","max-image-preview":"max-image-preview:large","max-video-preview":"max-video-preview:-1"},"canonical":"https:\/\/dentalday.pl\/podcast\/o-nowotworach-jamy-ustnej-i-wplywie-chorob-przyzebia\/","og_locale":"pl_PL","og_type":"article","og_title":"Nowotwory jamy ustnej - lek. dent. Daniel Nowakowski - Podcast","og_description":"Nowotwory jamy ustnej \u2013 jak rozpoznawa\u0107 zmiany? Pos\u0142uchaj rozmowy z lek. dent. D. Nowakowskim o zdrowiu jamy ustnej i chorobach przyz\u0119bia.","og_url":"https:\/\/dentalday.pl\/podcast\/o-nowotworach-jamy-ustnej-i-wplywie-chorob-przyzebia\/","og_site_name":"Praktycznie o stomatologii","article_modified_time":"2026-04-14T11:53:12+00:00","og_image":[{"width":1080,"height":1080,"url":"https:\/\/dentalday.pl\/podcast\/wp-content\/uploads\/2024\/12\/7-2.png","type":"image\/png"}],"twitter_card":"summary_large_image","twitter_misc":{"Szacowany czas czytania":"27 minut"},"schema":{"@context":"https:\/\/schema.org","@graph":[{"@type":"WebPage","@id":"https:\/\/dentalday.pl\/podcast\/o-nowotworach-jamy-ustnej-i-wplywie-chorob-przyzebia\/","url":"https:\/\/dentalday.pl\/podcast\/o-nowotworach-jamy-ustnej-i-wplywie-chorob-przyzebia\/","name":"Nowotwory jamy ustnej - lek. dent. Daniel Nowakowski - Podcast","isPartOf":{"@id":"https:\/\/dentalday.pl\/podcast\/#website"},"primaryImageOfPage":{"@id":"https:\/\/dentalday.pl\/podcast\/o-nowotworach-jamy-ustnej-i-wplywie-chorob-przyzebia\/#primaryimage"},"image":{"@id":"https:\/\/dentalday.pl\/podcast\/o-nowotworach-jamy-ustnej-i-wplywie-chorob-przyzebia\/#primaryimage"},"thumbnailUrl":"https:\/\/dentalday.pl\/podcast\/wp-content\/uploads\/2024\/12\/7-2-150x150.png","datePublished":"2024-12-10T10:44:47+00:00","dateModified":"2026-04-14T11:53:12+00:00","description":"Nowotwory jamy ustnej \u2013 jak rozpoznawa\u0107 zmiany? Pos\u0142uchaj rozmowy z lek. dent. D. Nowakowskim o zdrowiu jamy ustnej i chorobach przyz\u0119bia.","breadcrumb":{"@id":"https:\/\/dentalday.pl\/podcast\/o-nowotworach-jamy-ustnej-i-wplywie-chorob-przyzebia\/#breadcrumb"},"inLanguage":"pl-PL","potentialAction":[{"@type":"ReadAction","target":["https:\/\/dentalday.pl\/podcast\/o-nowotworach-jamy-ustnej-i-wplywie-chorob-przyzebia\/"]}]},{"@type":"ImageObject","inLanguage":"pl-PL","@id":"https:\/\/dentalday.pl\/podcast\/o-nowotworach-jamy-ustnej-i-wplywie-chorob-przyzebia\/#primaryimage","url":"https:\/\/dentalday.pl\/podcast\/wp-content\/uploads\/2024\/12\/7-2.png","contentUrl":"https:\/\/dentalday.pl\/podcast\/wp-content\/uploads\/2024\/12\/7-2.png","width":1080,"height":1080,"caption":"lek. dent. Daniel Nowakowski"},{"@type":"BreadcrumbList","@id":"https:\/\/dentalday.pl\/podcast\/o-nowotworach-jamy-ustnej-i-wplywie-chorob-przyzebia\/#breadcrumb","itemListElement":[{"@type":"ListItem","position":1,"name":"Strona g\u0142\u00f3wna","item":"https:\/\/dentalday.pl\/podcast\/"},{"@type":"ListItem","position":2,"name":"11. O nowotworach jamy ustnej &#8211; lek. dent. Daniel Nowakowski"}]},{"@type":"WebSite","@id":"https:\/\/dentalday.pl\/podcast\/#website","url":"https:\/\/dentalday.pl\/podcast\/","name":"Praktycznie o stomatologii","description":"","potentialAction":[{"@type":"SearchAction","target":{"@type":"EntryPoint","urlTemplate":"https:\/\/dentalday.pl\/podcast\/?s={search_term_string}"},"query-input":{"@type":"PropertyValueSpecification","valueRequired":true,"valueName":"search_term_string"}}],"inLanguage":"pl-PL"}]}},"_links":{"self":[{"href":"https:\/\/dentalday.pl\/podcast\/wp-json\/wp\/v2\/pages\/3530","targetHints":{"allow":["GET"]}}],"collection":[{"href":"https:\/\/dentalday.pl\/podcast\/wp-json\/wp\/v2\/pages"}],"about":[{"href":"https:\/\/dentalday.pl\/podcast\/wp-json\/wp\/v2\/types\/page"}],"author":[{"embeddable":true,"href":"https:\/\/dentalday.pl\/podcast\/wp-json\/wp\/v2\/users\/1"}],"replies":[{"embeddable":true,"href":"https:\/\/dentalday.pl\/podcast\/wp-json\/wp\/v2\/comments?post=3530"}],"version-history":[{"count":46,"href":"https:\/\/dentalday.pl\/podcast\/wp-json\/wp\/v2\/pages\/3530\/revisions"}],"predecessor-version":[{"id":4885,"href":"https:\/\/dentalday.pl\/podcast\/wp-json\/wp\/v2\/pages\/3530\/revisions\/4885"}],"wp:attachment":[{"href":"https:\/\/dentalday.pl\/podcast\/wp-json\/wp\/v2\/media?parent=3530"}],"curies":[{"name":"wp","href":"https:\/\/api.w.org\/{rel}","templated":true}]}}